{"id":3120,"date":"2016-01-14T15:54:34","date_gmt":"2016-01-14T14:54:34","guid":{"rendered":"http:\/\/www.psises.it\/?page_id=3120"},"modified":"2023-09-04T17:03:58","modified_gmt":"2023-09-04T15:03:58","slug":"home","status":"publish","type":"page","link":"https:\/\/www.psises.it\/","title":{"rendered":"Home"},"content":{"rendered":"<p><div class=\"fusion-fullwidth fullwidth-box fusion-builder-row-1 nonhundred-percent-fullwidth non-hundred-percent-height-scrolling\"  style='background-color: rgba(255,255,255,0);background-position: center center;background-repeat: no-repeat;padding-top:0px;padding-right:0px;padding-bottom:0px;padding-left:0px;border-top-width:0px;border-bottom-width:0px;border-color:#eae9e9;border-top-style:solid;border-bottom-style:solid;'><div class=\"fusion-builder-row fusion-row \"><div  class=\"fusion-layout-column fusion_builder_column fusion_builder_column_1_1 fusion-builder-column-0 fusion-one-full fusion-column-first fusion-column-last 1_1\"  style='margin-top:0px;margin-bottom:20px;'><div class=\"fusion-column-wrapper\" style=\"padding: 0px 0px 0px 0px;background-position:left top;background-repeat:no-repeat;-webkit-background-size:cover;-moz-background-size:cover;-o-background-size:cover;background-size:cover;\"   data-bg-url=\"\"><div class=\"imageframe-align-center\"><span class=\"fusion-imageframe imageframe-none imageframe-1 hover-type-none fusion-no-small-visibility fusion-no-medium-visibility\"><a class=\"fusion-no-lightbox\" href=\"https:\/\/www.psises.it\/?page_id=16\" target=\"_self\" aria-label=\"banner-HP-2023\"><img loading=\"lazy\" decoding=\"async\" src=\"https:\/\/www.psises.it\/wp-content\/uploads\/2023\/09\/banner-HP-2023.jpg\" width=\"2500\" height=\"1040\" alt=\"TERAPIA SISTEMICA RELAZIONALE\" class=\"img-responsive wp-image-4119\" srcset=\"https:\/\/www.psises.it\/wp-content\/uploads\/2023\/09\/banner-HP-2023-200x83.jpg 200w, https:\/\/www.psises.it\/wp-content\/uploads\/2023\/09\/banner-HP-2023-400x166.jpg 400w, https:\/\/www.psises.it\/wp-content\/uploads\/2023\/09\/banner-HP-2023-600x250.jpg 600w, https:\/\/www.psises.it\/wp-content\/uploads\/2023\/09\/banner-HP-2023-800x333.jpg 800w, https:\/\/www.psises.it\/wp-content\/uploads\/2023\/09\/banner-HP-2023-1200x499.jpg 1200w, https:\/\/www.psises.it\/wp-content\/uploads\/2023\/09\/banner-HP-2023.jpg 2500w\" sizes=\"auto, (max-width: 950px) 100vw, 2500px\" \/><\/a><\/span><\/div><div class=\"fusion-clearfix\"><\/div><\/div><\/div><\/div><\/div><style type=\"text\/css\">.fusion-fullwidth.fusion-builder-row-1 a:not(.fusion-button):not(.fusion-builder-module-control):not(.fusion-social-network-icon):not(.fb-icon-element):not(.fusion-countdown-link):not(.fusion-rollover-link):not(.fusion-rollover-gallery):not(.fusion-button-bar):not(.add_to_cart_button):not(.show_details_button):not(.product_type_external):not(.fusion-quick-view):not(.fusion-rollover-title-link):not(.fusion-breadcrumb-link) , .fusion-fullwidth.fusion-builder-row-1 a:not(.fusion-button):not(.fusion-builder-module-control):not(.fusion-social-network-icon):not(.fb-icon-element):not(.fusion-countdown-link):not(.fusion-rollover-link):not(.fusion-rollover-gallery):not(.fusion-button-bar):not(.add_to_cart_button):not(.show_details_button):not(.product_type_external):not(.fusion-quick-view):not(.fusion-rollover-title-link):not(.fusion-breadcrumb-link):before, .fusion-fullwidth.fusion-builder-row-1 a:not(.fusion-button):not(.fusion-builder-module-control):not(.fusion-social-network-icon):not(.fb-icon-element):not(.fusion-countdown-link):not(.fusion-rollover-link):not(.fusion-rollover-gallery):not(.fusion-button-bar):not(.add_to_cart_button):not(.show_details_button):not(.product_type_external):not(.fusion-quick-view):not(.fusion-rollover-title-link):not(.fusion-breadcrumb-link):after {color: #88c0e4;}.fusion-fullwidth.fusion-builder-row-1 a:not(.fusion-button):not(.fusion-builder-module-control):not(.fusion-social-network-icon):not(.fb-icon-element):not(.fusion-countdown-link):not(.fusion-rollover-link):not(.fusion-rollover-gallery):not(.fusion-button-bar):not(.add_to_cart_button):not(.show_details_button):not(.product_type_external):not(.fusion-quick-view):not(.fusion-rollover-title-link):not(.fusion-breadcrumb-link):hover, .fusion-fullwidth.fusion-builder-row-1 a:not(.fusion-button):not(.fusion-builder-module-control):not(.fusion-social-network-icon):not(.fb-icon-element):not(.fusion-countdown-link):not(.fusion-rollover-link):not(.fusion-rollover-gallery):not(.fusion-button-bar):not(.add_to_cart_button):not(.show_details_button):not(.product_type_external):not(.fusion-quick-view):not(.fusion-rollover-title-link):not(.fusion-breadcrumb-link):hover:before, .fusion-fullwidth.fusion-builder-row-1 a:not(.fusion-button):not(.fusion-builder-module-control):not(.fusion-social-network-icon):not(.fb-icon-element):not(.fusion-countdown-link):not(.fusion-rollover-link):not(.fusion-rollover-gallery):not(.fusion-button-bar):not(.add_to_cart_button):not(.show_details_button):not(.product_type_external):not(.fusion-quick-view):not(.fusion-rollover-title-link):not(.fusion-breadcrumb-link):hover:after {color: #9e9e9e;}.fusion-fullwidth.fusion-builder-row-1 .pagination a.inactive:hover, .fusion-fullwidth.fusion-builder-row-1 .fusion-filters .fusion-filter.fusion-active a {border-color: #9e9e9e;}.fusion-fullwidth.fusion-builder-row-1 .pagination .current {border-color: #9e9e9e; background-color: #9e9e9e;}.fusion-fullwidth.fusion-builder-row-1 .fusion-filters .fusion-filter.fusion-active a, .fusion-fullwidth.fusion-builder-row-1 .fusion-date-and-formats .fusion-format-box, .fusion-fullwidth.fusion-builder-row-1 .fusion-popover, .fusion-fullwidth.fusion-builder-row-1 .tooltip-shortcode {color: #9e9e9e;}#main .fusion-fullwidth.fusion-builder-row-1 .post .blog-shortcode-post-title a:hover {color: #9e9e9e;}<\/style><div class=\"fusion-fullwidth fullwidth-box fusion-builder-row-2 hundred-percent-fullwidth non-hundred-percent-height-scrolling\"  style='background-color: rgba(255,255,255,0);background-position: center center;background-repeat: no-repeat;padding-top:0px;padding-right:0px;padding-bottom:0px;padding-left:0px;margin-bottom: 25px;margin-top: 25px;border-top-width:0px;border-bottom-width:0px;border-color:#eae9e9;border-top-style:solid;border-bottom-style:solid;'><div class=\"fusion-builder-row fusion-row \"><div  class=\"fusion-layout-column fusion_builder_column fusion_builder_column_1_1 fusion-builder-column-1 fusion-one-full fusion-column-first fusion-column-last fusion-column-no-min-height 1_1\"  style='margin-top:0px;margin-bottom:0px;'><div class=\"fusion-column-wrapper\" style=\"padding: 0px 0px 0px 0px;background-position:left top;background-repeat:no-repeat;-webkit-background-size:cover;-moz-background-size:cover;-o-background-size:cover;background-size:cover;\"   data-bg-url=\"\"><div class=\"fusion-sep-clear\"><\/div><div class=\"fusion-separator fusion-full-width-sep sep-none\" style=\"margin-left: auto;margin-right: auto;margin-top:;\"><\/div><div class=\"fusion-clearfix\"><\/div><\/div><\/div><\/div><\/div><div class=\"fusion-fullwidth fullwidth-box fusion-builder-row-3 hundred-percent-fullwidth non-hundred-percent-height-scrolling\"  style='background-color: rgba(255,255,255,0);background-position: center center;background-repeat: no-repeat;padding-top:0px;padding-right:0px;padding-bottom:0px;padding-left:0px;border-top-width:0px;border-bottom-width:0px;border-color:#eae9e9;border-top-style:solid;border-bottom-style:solid;'><div class=\"fusion-builder-row fusion-row \"><div  class=\"fusion-layout-column fusion_builder_column fusion_builder_column_2_5 fusion-builder-column-2 fusion-two-fifth fusion-column-first 2_5\"  style='margin-top:0px;margin-bottom:20px;width:37.6%; margin-right: 4%;'><div class=\"fusion-column-wrapper\" style=\"padding: 0px 0px 0px 0px;background-position:left top;background-repeat:no-repeat;-webkit-background-size:cover;-moz-background-size:cover;-o-background-size:cover;background-size:cover;\"   data-bg-url=\"\"><span class=\"fusion-imageframe imageframe-none imageframe-2 hover-type-none\"><img decoding=\"async\" src=\"http:\/\/www.psises.it\/wp-content\/uploads\/2016\/01\/foto-home-benvenuto.jpg\"   alt=\"\" title=\"\" class=\"img-responsive\"\/><\/span><div class=\"fusion-clearfix\"><\/div><\/div><\/div><div  class=\"fusion-layout-column fusion_builder_column fusion_builder_column_3_5 fusion-builder-column-3 fusion-three-fifth fusion-column-last 3_5\"  style='margin-top:0px;margin-bottom:20px;width:58.4%'><div class=\"fusion-column-wrapper\" style=\"padding: 0px 0px 0px 0px;background-position:left top;background-repeat:no-repeat;-webkit-background-size:cover;-moz-background-size:cover;-o-background-size:cover;background-size:cover;\"   data-bg-url=\"\"><style type=\"text\/css\">@media only screen and (max-width:950px) {.fusion-title.fusion-title-1{margin-top:10px!important;margin-bottom:10px!important;}}<\/style><div class=\"fusion-title title fusion-title-1 fusion-title-text fusion-title-size-two\" style=\"margin-top:10px;margin-bottom:15px;\"><h2 class=\"title-heading-left\" style=\"margin:0;\">Benvenuto su Psises<\/h2><div class=\"title-sep-container\"><div class=\"title-sep sep-double sep-solid\" style=\"border-color:#e0dede;\"><\/div><\/div><\/div><div class=\"fusion-text\"><p>PSISES \u00e8 un\u00a0Centro di Psicoterapia e Sessuologia Clinica,\u00a0con sedi a\u00a0Correggio (RE) e a Carpi (MO).<\/p>\n<p>La psicoterapia individuale \u00e8 un percorso di importante crescita personale. Il sintomo che ci porta in terapia \u00e8 considerato la punta dell\u2019iceberg di problematiche che, spesso, intrappolano l\u2019individuo non permettono una vita serena e relazioni sociali adeguate. Oggi un percorso di psicoterapia individuale non necessariamente si lega ad un disturbo di tipo nevrotico (ansia, depressione, attacchi di panico, fobia sociale etc.), ma ad una ricerca di completezza.<br \/>\n<a href=\"http:\/\/www.psises.it\/?page_id=14\">Le nostre specializzazioni<\/a><\/p>\n<\/div><div class=\"fusion-clearfix\"><\/div><\/div><\/div><div  class=\"fusion-layout-column fusion_builder_column fusion_builder_column_1_1 fusion-builder-column-4 fusion-one-full fusion-column-first fusion-column-last fusion-column-no-min-height 1_1\"  style='margin-top:0px;margin-bottom:0px;'><div class=\"fusion-column-wrapper\" style=\"padding: 0px 0px 0px 0px;background-position:left top;background-repeat:no-repeat;-webkit-background-size:cover;-moz-background-size:cover;-o-background-size:cover;background-size:cover;\"   data-bg-url=\"\"><div class=\"fusion-sep-clear\"><\/div><div class=\"fusion-separator fusion-full-width-sep sep-none\" style=\"margin-left: auto;margin-right: auto;margin-top:25px;margin-bottom:25px;\"><\/div><div class=\"fusion-clearfix\"><\/div><\/div><\/div><div  class=\"fusion-layout-column fusion_builder_column fusion_builder_column_1_2 fusion-builder-column-5 fusion-one-half fusion-column-first 1_2\"  style='margin-top:0px;margin-bottom:20px;width:48%; margin-right: 4%;'><div class=\"fusion-column-wrapper\" style=\"padding: 0px 0px 0px 0px;background-position:left top;background-repeat:no-repeat;-webkit-background-size:cover;-moz-background-size:cover;-o-background-size:cover;background-size:cover;\"   data-bg-url=\"\"><span class=\"fusion-imageframe imageframe-none imageframe-3 hover-type-none\"><a class=\"fusion-no-lightbox\" href=\"https:\/\/www.psises.it\/?page_id=5\" target=\"_self\"><img decoding=\"async\" src=\"http:\/\/www.psises.it\/wp-content\/uploads\/2011\/03\/10417779_640626902678378_4834582686913468508_n1.jpg\"   alt=\"\" class=\"img-responsive\"\/><\/a><\/span><div style=\"padding: 35px 0;\">\n\t<b><a href=\"https:\/\/www.psises.it\/?page_id=5\" style=\"color:#000;\">Dott.ssa Daniela De Vito<\/a><\/b><br>\n\t<br>\n\t<a href=\"https:\/\/prenotazioni.psises.it\/\" style=\"border-radius:8px; padding:13px; text-align:center; background-image: linear-gradient(180deg, #39B064 0%, #2C9452 72%, #1D743D 100%); color:#fff; border:1px solid #06BC71; text-decoration:none; display:block; margin-bottom:10px;\"><b>PRENOTA SEDUTA ONLINE<\/b><\/a>\n\t\t<a href=\"https:\/\/wa.me\/393393361569\" style=\"border-radius:8px; padding:13px; text-align:center; background-color:#fff; color:#06BC71; border:1px solid #06BC71; text-decoration:none; display:block; margin-bottom:10px;\"><b>SCRIVIMI SU WHATSAPP<\/b><\/a>\n\t\t<a href=\"sms:+393393361569\" style=\"border-radius:8px; padding:13px; text-align:center; background-color:#fff; color:#06BC71; border:1px solid #06BC71; text-decoration:none; display:block; margin-bottom:10px;\"><b>INVIA UN SMS<\/b><\/a>\n\t\t<a href=\"mailto:info@danieladevito.it\" style=\"border-radius:8px; padding:13px; text-align:center; background-color:#fff; color:#06BC71; border:1px solid #06BC71; text-decoration:none; display:block; margin-bottom:10px;\"><b>INVIA UNA EMAIL<\/b><\/a>\n\t\t<br>\n\tcell: <a href=\"tel:+393393361569\" style=\"color:#4D4D4F;\"><b>339 3361569<\/b><\/a><br>\n\tweb: <a href=\"http:\/\/www.danieladevito.it\/\" style=\"color:#4D4D4F;\"><b>www.danieladevito.it<\/b><\/a><br>\n\temail: <a href=\"mailto:info@danieladevito.it\" style=\"text-decoration:underline; color:#4D4D4F;\"><b>info@danieladevito.it<\/b><\/a><br>\n<\/div><div class=\"fusion-clearfix\"><\/div><\/div><\/div><div  class=\"fusion-layout-column fusion_builder_column fusion_builder_column_1_2 fusion-builder-column-6 fusion-one-half fusion-column-last 1_2\"  style='margin-top:0px;margin-bottom:20px;width:48%'><div class=\"fusion-column-wrapper\" style=\"padding: 0px 0px 0px 0px;background-position:left top;background-repeat:no-repeat;-webkit-background-size:cover;-moz-background-size:cover;-o-background-size:cover;background-size:cover;\"   data-bg-url=\"\"><span class=\"fusion-imageframe imageframe-none imageframe-4 hover-type-none\"><a class=\"fusion-no-lightbox\" href=\"https:\/\/www.psises.it\/?page_id=7\" target=\"_self\"><img decoding=\"async\" src=\"http:\/\/www.psises.it\/wp-content\/uploads\/2011\/03\/pasquale-tarantini.jpg\"   alt=\"\" class=\"img-responsive\"\/><\/a><\/span><div style=\"padding: 35px 0;\">\n\t\t<b><a href=\"https:\/\/www.psises.it\/?page_id=7\" style=\"color:#000;\">Dott. Pasquale Tarantini<\/a><\/b><br>\n\t\t<br>\n\t\t<a href=\"https:\/\/prenotazioni.psises.it\/\" style=\"border-radius:8px; padding:13px; text-align:center; background-image: linear-gradient(180deg, #39B064 0%, #2C9452 72%, #1D743D 100%); color:#fff; border:1px solid #06BC71; text-decoration:none; display:block; margin-bottom:10px;\"><b>PRENOTA SEDUTA ONLINE<\/b><\/a>\n\t\t<a href=\"https:\/\/wa.me\/393381700961\" style=\"border-radius:8px; padding:13px; text-align:center; background-color:#fff; color:#06BC71; border:1px solid #06BC71; text-decoration:none; display:block; margin-bottom:10px;\"><b>SCRIVIMI SU WHATSAPP<\/b><\/a>\n\t\t<a href=\"sms:+393381700961\" style=\"border-radius:8px; padding:13px; text-align:center; background-color:#fff; color:#06BC71; border:1px solid #06BC71; text-decoration:none; display:block; margin-bottom:10px;\"><b>INVIA UN SMS<\/b><\/a>\n\t\t<a href=\"mailto:info@pasqualetarantini.it\" style=\"border-radius:8px; padding:13px; text-align:center; background-color:#fff; color:#06BC71; border:1px solid #06BC71; text-decoration:none; display:block; margin-bottom:10px;\"><b>INVIA UNA EMAIL<\/b><\/a>\n\t\t<br>\n\t\tcell: <a href=\"tel:+393381700961\" style=\"color:#4D4D4F;\"><b>338 1700961<\/b><\/a><br>\n\t\tweb: <a href=\"http:\/\/www.pasqualetarantini.it\/\" target=\"_blank\" style=\"color:#4D4D4F;\"><b>www.pasqualetarantini.it<\/b><\/a><br>\n\t\temail: <a href=\"mailto:info@pasqualetarantini.it\" style=\"text-decoration:underline; color:#4D4D4F;\"><b>info@pasqualetarantini.it<\/b><\/a><br>\n\t<\/div><div class=\"fusion-clearfix\"><\/div><\/div><\/div><div  class=\"fusion-layout-column fusion_builder_column fusion_builder_column_1_1 fusion-builder-column-7 fusion-one-full fusion-column-first fusion-column-last 1_1\"  style='margin-top:0px;margin-bottom:20px;'><div class=\"fusion-column-wrapper\" style=\"padding: 0px 0px 0px 0px;background-position:left top;background-repeat:no-repeat;-webkit-background-size:cover;-moz-background-size:cover;-o-background-size:cover;background-size:cover;\"   data-bg-url=\"\"><div style=\"padding: 35px 0; border-top: 1px solid #4D4D4F; border-bottom: 1px solid #4D4D4F;\">\n\t\t<b>Studio di Correggio<\/b> Corso Mazzini, 37 - 42015 Correggio (RE)<br>\n\t\t<br>\n\t\t<b>Studio di Carpi<\/b> Via Marx, 95 - 42012 Carpi (MO)<br>\n\t<\/div><div class=\"fusion-clearfix\"><\/div><\/div><\/div><div  class=\"fusion-layout-column fusion_builder_column fusion_builder_column_1_1 fusion-builder-column-8 fusion-one-full fusion-column-first fusion-column-last fusion-column-no-min-height 1_1\"  style='margin-top:0px;margin-bottom:0px;'><div class=\"fusion-column-wrapper\" style=\"padding: 0px 0px 0px 0px;background-position:left top;background-repeat:no-repeat;-webkit-background-size:cover;-moz-background-size:cover;-o-background-size:cover;background-size:cover;\"   data-bg-url=\"\"><div class=\"fusion-sep-clear\"><\/div><div class=\"fusion-separator fusion-full-width-sep sep-none\" style=\"margin-left: auto;margin-right: auto;margin-top:25px;margin-bottom:25px;\"><\/div><div class=\"fusion-clearfix\"><\/div><\/div><\/div><div  class=\"fusion-layout-column fusion_builder_column fusion_builder_column_1_2 fusion-builder-column-9 fusion-one-half fusion-column-first box-calendario-home 1_2\"  style='margin-top:0px;margin-bottom:20px;width:48%; margin-right: 4%;'><div class=\"fusion-column-wrapper\" style=\"padding: 0px 0px 0px 0px;background-position:left top;background-repeat:no-repeat;-webkit-background-size:cover;-moz-background-size:cover;-o-background-size:cover;background-size:cover;\"   data-bg-url=\"\"><div class=\"fusion-column-content-centered\"><div class=\"fusion-column-content\"><style type=\"text\/css\">@media only screen and (max-width:950px) {.fusion-title.fusion-title-2{margin-top:10px!important;margin-bottom:10px!important;}}<\/style><div class=\"fusion-title title fusion-title-2 fusion-title-text fusion-title-size-two\" style=\"margin-top:10px;margin-bottom:15px;\"><h2 class=\"title-heading-left\" style=\"margin:0;\">Psicoterapia di Gruppo<\/h2><div class=\"title-sep-container\"><div class=\"title-sep sep-double sep-solid\" style=\"border-color:#e0dede;\"><\/div><\/div><\/div><div class=\"fusion-text\"><!-- EventON Calendar --><div id='evcal_calendar_terapie1' class='list_cal ajde_evcal_calendar sev cev color esty_2 ul ' ><div id='evcal_head' class='calendar_header ' ><div class='evo_cal_above'><span class='evo-gototoday-btn' style='display:none' data-mo='4' data-yr='2026' data-dy=''>Mese In Corso<\/span><\/div><div class='evo_cal_above_content'><\/div><\/div><div id='eventon_loadbar_section'><div id='eventon_loadbar'><\/div><\/div><!-- Events List --><div id='evcal_list' \r\n\t\t\t\t\tclass='eventon_events_list sep_months evcal_list_month'><div class='evcal_month_line' data-d='eml_4_2026'><p>aprile<\/p><\/div><div class='sep_month_events ' data-d='eml_4_2026'><div id=\"event_4141_0\" class=\"eventon_list_event evo_eventtop scheduled  event event_4141_0\" data-event_id=\"4141\" data-ri=\"0r\" data-time=\"1777406400-1777410900\" data-colr=\"#1d743d\" itemscope itemtype='http:\/\/schema.org\/Event'><div class=\"evo_event_schema\" style=\"display:none\" ><a itemprop='url'  href='https:\/\/www.psises.it\/?ajde_events=psicoterapia-di-gruppo-3'><\/a><meta itemprop='image'  \/><meta itemprop='startDate' content=\"2026-4-28T20:00+2:00\" \/><meta itemprop='endDate' content=\"2026-4-28T21:15+2:00\" \/><meta itemprop='eventStatus' content=\"https:\/\/schema.org\/EventScheduled\" \/><item style=\"display:none\" itemprop=\"location\" itemscope itemtype=\"http:\/\/schema.org\/Place\"><span itemprop=\"name\">psises centro sala gruppo<\/span><span itemprop=\"address\" itemscope itemtype=\"http:\/\/schema.org\/PostalAddress\"><item itemprop=\"streetAddress\">corso mazzini 37 - piano I Correggio Re<\/item><\/span><\/item><item style=\"display:none\" itemprop=\"eventAttendanceMode\" itemscope itemtype=\"https:\/\/schema.org\/MixedEventAttendanceMode\"><\/item><script type=\"application\/ld+json\">{\"@context\": \"http:\/\/schema.org\",\"@type\": \"Event\",\n\t\t\t\t\"@id\": \"event_4141_0\",\n\t\t\t\t\"eventAttendanceMode\":\"https:\/\/schema.org\/MixedEventAttendanceMode\",\n\t\t\t\t\"eventStatus\":\"https:\/\/schema.org\/EventScheduled\",\n\t\t\t\t\"name\": \"PSICOTERAPIA DI GRUPPO 3\",\n\t\t\t\t\"url\": \"https:\/\/www.psises.it\/?ajde_events=psicoterapia-di-gruppo-3\",\n\t\t\t\t\"startDate\": \"2026-4-28T20:00+2:00\",\n\t\t\t\t\"endDate\": \"2026-4-28T21:15+2:00\",\n\t\t\t\t\"image\":\"\", \n\t\t\t\t\"description\":\"<p><!-- wp:pattern {'slug':'ajde_events\/blocks'} \/--><\/p> <p><!-- wp:tadv\/classic-paragraph --><\/p> <p><strong>Questo nuovo gruppo<\/strong> si tiene a cadenza quindicinale il marted\u00ec&nbsp;alle 20,00. <strong>Conduttori Dott. Pasquale Tarantini e Dott.ssa Daniela De Vito.<\/strong><\/p> <p>Per poter partecipare alla psicoterapia di gruppo \u00e8 necessario avere una psicoterapia individuale in corso o aver terminato in percorso di psicoterapia individuale&nbsp;e&nbsp;avere iniziato&nbsp;un percorso&nbsp;di sedute di controllo.<\/p> <p>Per informazioni dott. Pasquale Tarantini info@psises.it .<\/p> <p><em>Conduciamo gruppi in linea con l&#8217;approccio sistemico relazionale e possiamo affermare che questo tipo di esperienza diviene una marcia in pi\u00f9 nell&#8217;attivazione (a volte ri-attivazione) delle capacit\u00e0 relazionali del partecipante, completamento di un percorso di crescita psichica individuale.<\/em><\/p> <p><!-- \/wp:tadv\/classic-paragraph --><\/p> \",\"location\":[{\"@type\":\"Place\",\"name\":\"psises centro sala gruppo\",\"address\":{\"@type\": \"PostalAddress\",\"streetAddress\":\"corso mazzini 37 - piano I Correggio Re\"}}]}<\/script><\/div>\r\n\t\t\t\t<p class=\"desc_trig_outter\" style=\"\"><a data-gmtrig=\"1\" data-exlk=\"0\" style=\"background-color: #1d743d;\" id=\"evc_17774064004141\" class=\"event_repeat desc_trig sin_val evcal_list_a\" data-ux_val=\"1\" data-ux_val_mob=\"-\"  ><span class='evoet_c2 evoet_cx '><span class='evoet_dayblock evcal_cblock ' data-bgcolor='#1d743d' data-smon='aprile' data-syr='2026' data-bub=''><span class='evo_start '><em class='date'>28<\/em><em class='month'>apr<\/em><em class='time'>20:00<\/em><\/span><span class='evo_end only_time'><em class='time'>21:15<\/em><\/span><\/span><\/span><span class='evoet_c3 evoet_cx evcal_desc hide_eventtopdata '><span class='evoet_title evcal_desc2 evcal_event_title' itemprop='name'>PSICOTERAPIA DI GRUPPO 3<\/span><span class='event_location_attrs'  data-location_address=\"corso mazzini 37 - piano I Correggio Re\" data-location_type=\"address\" data-location_name=\"psises centro sala gruppo\" data-location_url=\"https:\/\/www.psises.it\/?event_location=psises-centro-sala-gruppo\" data-location_status=\"true\"><\/span><span class='evoet_subtitle evo_below_title'><span class='evcal_event_subtitle' >NUOVO GRUPPO DI PSICOTERAPIA DI GRUPPO: PRESENTAZIONE E PRIMO INCONTRO<\/span><\/span><\/span><span class='evoet_data' data-d=\"{&quot;loc.n&quot;:&quot;psises centro sala gruppo&quot;,&quot;orgs&quot;:[]}\" ><\/span><\/a><\/p><div class='event_description evcal_eventcard ' style=\"display:none\"><div class='evocard_row'><div id='event_eventdetails' class='evocard_box eventdetails' data-c='' \n\t\t\t\t\tstyle=''><div class='evo_metarow_details evorow evcal_evdata_row evcal_event_details'>\n\t\t\t\t\t\t\t\t<div class=\"event_excerpt\" style=\"display:none\"><h3 class=\"padb5 evo_h3\">Dettagli<\/h3><p>\n\nQuesto nuovo gruppo si tiene a cadenza quindicinale il marted\u00ec&nbsp;alle 20,00. Conduttori Dott. Pasquale Tarantini e Dott.ssa Daniela De Vito.\nPer poter partecipare alla psicoterapia di<\/p><\/div><span class='evcal_evdata_icons'><i class='fa fa-align-justify'><\/i><\/span>\n\t\t\t\t\t\t\t\t\n\t\t\t\t\t\t\t\t<div class='evcal_evdata_cell '>\n\t\t\t\t\t\t\t\t\t<div class='eventon_full_description'>\n\t\t\t\t\t\t\t\t\t\t<h3 class='padb5 evo_h3'><span class='evcal_evdata_icons'><i class='fa fa-align-justify'><\/i><\/span>Dettagli<\/h3>\n\t\t\t\t\t\t\t\t\t\t<div class='eventon_desc_in' itemprop='description'>\n\t\t\t\t\t\t\t\t\t\t<p><!-- wp:pattern {\"slug\":\"ajde_events\/blocks\"} \/--><\/p>\n<p><!-- wp:tadv\/classic-paragraph --><\/p>\n<p><strong>Questo nuovo gruppo<\/strong> si tiene a cadenza quindicinale il marted\u00ec&nbsp;alle 20,00. <strong>Conduttori Dott. Pasquale Tarantini e Dott.ssa Daniela De Vito.<\/strong><\/p>\n<p>Per poter partecipare alla psicoterapia di gruppo \u00e8 necessario avere una psicoterapia individuale in corso o aver terminato in percorso di psicoterapia individuale&nbsp;e&nbsp;avere iniziato&nbsp;un percorso&nbsp;di sedute di controllo.<\/p>\n<p>Per informazioni dott. Pasquale Tarantini info@psises.it .<\/p>\n<p><em>Conduciamo gruppi in linea con l&#8217;approccio sistemico relazionale e possiamo affermare che questo tipo di esperienza diviene una marcia in pi\u00f9 nell&#8217;attivazione (a volte ri-attivazione) delle capacit\u00e0 relazionali del partecipante, completamento di un percorso di crescita psichica individuale.<\/em><\/p>\n<p><!-- \/wp:tadv\/classic-paragraph --><\/p>\n<\/div><div class='clear'><\/div>\n\t\t\t\t\t\t\t\t\t<\/div>\n\t\t\t\t\t\t\t\t<\/div>\n\t\t\t\t\t\t\t<\/div><\/div><\/div><div class='evocard_row bx2 bx'><div id='event_time' class='evocard_box time' data-c='' \n\t\t\t\t\tstyle=''><div class='evo_metarow_time evorow evcal_evdata_row evcal_evrow_sm '>\n\t\t\t\t\t\t\t\t<span class='evcal_evdata_icons'><i class='fa fa-clock-o'><\/i><\/span>\n\t\t\t\t\t\t\t\t<div class='evcal_evdata_cell'>\t\t\t\t\t\t\t\n\t\t\t\t\t\t\t\t\t<h3 class='evo_h3'><span class='evcal_evdata_icons'><i class='fa fa-clock-o'><\/i><\/span>Orario<\/h3><p><span class='evo_eventcard_time_t'>(Marted\u00ec) 20:00 - 21:15<\/span><\/p>\n\t\t\t\t\t\t\t\t<\/div>\n\t\t\t\t\t\t\t<\/div><\/div><div id='event_location' class='evocard_box location' data-c='' \n\t\t\t\t\tstyle=''><div class='evcal_evdata_row evo_metarow_time_location evorow '>\n\t\t\t\t\t\t\t\t\n\t\t\t\t\t\t\t\t\t<span class='evcal_evdata_icons'><i class='fa fa-map-marker'><\/i><\/span>\n\t\t\t\t\t\t\t\t\t<div class='evcal_evdata_cell' data-loc_tax_id='667'><h3 class='evo_h3'><span class='evcal_evdata_icons'><i class='fa fa-map-marker'><\/i><\/span>Luogo<\/h3><p class='evo_location_name'>psises centro sala gruppo<\/p><p class='evo_location_address'>corso mazzini 37 - piano I Correggio Re<\/p><\/div>\n\t\t\t\t\t\t\t\t\n\t\t\t\t\t\t\t<\/div><\/div><\/div><div class='evocard_row'><div id='event_gmap' class='evocard_box gmap' data-c='' \n\t\t\t\t\tstyle=''><div class='evcal_evdata_row evo_metarow_gmap evorow evcal_gmaps evc177740640069f0dc5f48d544141_gmap' id='evc177740640069f0dc5f48d544141_gmap' style='max-width:none'><\/div><\/div><\/div><div class='evocard_row'><div id='event_addtocal' class='evocard_box addtocal' data-c='' \n\t\t\t\t\tstyle=''><div class='evo_metarow_ICS evorow evcal_evdata_row'>\n\t\t\t\t\t\t\t\t\t<span class='evcal_evdata_icons'><i class='fa fa-calendar'><\/i><\/span>\n\t\t\t\t\t\t\t\t\t<div class='evcal_evdata_cell'>\n\t\t\t\t\t\t\t\t\t\t<p><a href='https:\/\/www.psises.it\/wp-admin\/admin-ajax.php?action=eventon_ics_download&event_id=4141&ri=0&nonce=4cf7ae4770' class='evo_ics_nCal' title='Add to your calendar'>Calendario<\/a><a href='\/\/www.google.com\/calendar\/event?action=TEMPLATE&amp;text=PSICOTERAPIA+DI+GRUPPO+3&amp;dates=20260428T180000Z\/20260428T191500Z&amp;ctz=Europe\/Rome&amp;details=PSICOTERAPIA+DI+GRUPPO+3&amp;location=psises+centro+sala+gruppocorso+mazzini+37+-+piano+I+Correggio+Re' target='_blank' class='evo_ics_gCal' title='Add to google calendar'>Google Cal<\/a><\/p>\t\n\t\t\t\t\t\t\t\t\t<\/div>\n\t\t\t\t\t\t\t\t<\/div><\/div><\/div><div class='evo_card_row_end evcal_close' title='Chiudi Evento'><\/div><\/div><div class='clear end'><\/div><\/div><div class=\"evoShow_more_events\" style=\"\"><span>mostra di pi\u00f9<\/span><\/div><\/div><div class='evcal_month_line' data-d='eml_5_2026'><p>maggio<\/p><\/div><div class='sep_month_events ' data-d='eml_5_2026'><div id=\"event_3744_0\" class=\"eventon_list_event evo_eventtop scheduled  event event_3744_0\" data-event_id=\"3744\" data-ri=\"0r\" data-time=\"1777924800-1777929300\" data-colr=\"#206177\" itemscope itemtype='http:\/\/schema.org\/Event'><div class=\"evo_event_schema\" style=\"display:none\" ><a itemprop='url'  href='https:\/\/www.psises.it\/?ajde_events=psicoterapia-di-gruppo-del-lunedi-copia-3'><\/a><meta itemprop='image'  \/><meta itemprop='startDate' content=\"2026-5-4T20:00+2:00\" \/><meta itemprop='endDate' content=\"2026-5-4T21:15+2:00\" \/><meta itemprop='eventStatus' content=\"https:\/\/schema.org\/EventScheduled\" \/><item style=\"display:none\" itemprop=\"location\" itemscope itemtype=\"http:\/\/schema.org\/Place\"><span itemprop=\"name\">psises centro sala gruppo<\/span><span itemprop=\"address\" itemscope itemtype=\"http:\/\/schema.org\/PostalAddress\"><item itemprop=\"streetAddress\">corso mazzini 37 - piano I Correggio Re<\/item><\/span><\/item><item style=\"display:none\" itemprop=\"eventAttendanceMode\" itemscope itemtype=\"https:\/\/schema.org\/OfflineEventAttendanceMode\"><\/item><script type=\"application\/ld+json\">{\"@context\": \"http:\/\/schema.org\",\"@type\": \"Event\",\n\t\t\t\t\"@id\": \"event_3744_0\",\n\t\t\t\t\"eventAttendanceMode\":\"https:\/\/schema.org\/OfflineEventAttendanceMode\",\n\t\t\t\t\"eventStatus\":\"https:\/\/schema.org\/EventScheduled\",\n\t\t\t\t\"name\": \"PSICOTERAPIA DI GRUPPO DEL LUNEDI&#039;\",\n\t\t\t\t\"url\": \"https:\/\/www.psises.it\/?ajde_events=psicoterapia-di-gruppo-del-lunedi-copia-3\",\n\t\t\t\t\"startDate\": \"2026-5-4T20:00+2:00\",\n\t\t\t\t\"endDate\": \"2026-5-4T21:15+2:00\",\n\t\t\t\t\"image\":\"\", \n\t\t\t\t\"description\":\"<p>Questo gruppo si tiene a cadenza quindicinale il luned\u00ec alle 20. Conduttori Dott. Pasquale Tarantini e Dott.ssa Daniela De Vito.<\/p> <p>Per poter partecipare alla psicoterapia di gruppo \u00e8 necessario avere una psicoterapia individuale in corso o aver terminato in percorso di psicoterapia individuale e avere iniziato un percorso di sedute di controllo.<\/p> <p>Per informazioni dott. Pasquale Tarantini info@psises.it .<\/p> <p>Conduciamo gruppi in linea con l&#8217;approccio sistemico relazionale e possiamo affermare che questo tipo di esperienza diviene una marcia in pi\u00f9 nell&#8217;attivazione (a volte ri-attivazione) delle capacit\u00e0 relazionali del partecipante, completamento di un percorso di crescita psichica individuale.<\/p> \",\"location\":[{\"@type\":\"Place\",\"name\":\"psises centro sala gruppo\",\"address\":{\"@type\": \"PostalAddress\",\"streetAddress\":\"corso mazzini 37 - piano I Correggio Re\"}}]}<\/script><\/div>\r\n\t\t\t\t<p class=\"desc_trig_outter\" style=\"\"><a data-gmap_status=\"null\" data-exlk=\"0\" style=\"background-color: #206177;\" id=\"evc_17779248003744\" class=\"event_repeat desc_trig featured_event 1 sin_val evcal_list_a\" data-ux_val=\"1\" data-ux_val_mob=\"-\"  ><span class='evoet_c2 evoet_cx '><span class='evoet_dayblock evcal_cblock ' data-bgcolor='#206177' data-smon='maggio' data-syr='2026' data-bub=''><span class='evo_start '><em class='date'>04<\/em><em class='month'>mag<\/em><em class='time'>20:00<\/em><\/span><span class='evo_end only_time'><em class='time'>21:15<\/em><\/span><\/span><\/span><span class='evoet_c3 evoet_cx evcal_desc hide_eventtopdata '><span class='evoet_title evcal_desc2 evcal_event_title' itemprop='name'>PSICOTERAPIA DI GRUPPO DEL LUNEDI'<\/span><span class='event_location_attrs'  data-location_address=\"corso mazzini 37 - piano I Correggio Re\" data-location_type=\"address\" data-location_name=\"psises centro sala gruppo\" data-location_url=\"https:\/\/www.psises.it\/?event_location=psises-centro-sala-gruppo\" data-location_status=\"true\"><\/span><span class='evoet_subtitle evo_below_title'><span class='evcal_event_subtitle' >psicoterapia<\/span><\/span><\/span><span class='evoet_data' data-d=\"{&quot;loc.n&quot;:&quot;psises centro sala gruppo&quot;,&quot;orgs&quot;:[]}\" ><\/span><\/a><\/p><div class='event_description evcal_eventcard ' style=\"display:none\"><div class='evocard_row'><div id='event_eventdetails' class='evocard_box eventdetails' data-c='' \n\t\t\t\t\tstyle=''><div class='evo_metarow_details evorow evcal_evdata_row evcal_event_details'>\n\t\t\t\t\t\t\t\t<div class=\"event_excerpt\" style=\"display:none\"><h3 class=\"padb5 evo_h3\">Dettagli<\/h3><p>Questo gruppo si tiene a cadenza quindicinale il luned\u00ec alle 20. Conduttori Dott. Pasquale Tarantini e Dott.ssa Daniela De Vito.\nPer poter partecipare alla psicoterapia di gruppo \u00e8 necessario avere una<\/p><\/div><span class='evcal_evdata_icons'><i class='fa fa-align-justify'><\/i><\/span>\n\t\t\t\t\t\t\t\t\n\t\t\t\t\t\t\t\t<div class='evcal_evdata_cell '>\n\t\t\t\t\t\t\t\t\t<div class='eventon_full_description'>\n\t\t\t\t\t\t\t\t\t\t<h3 class='padb5 evo_h3'><span class='evcal_evdata_icons'><i class='fa fa-align-justify'><\/i><\/span>Dettagli<\/h3>\n\t\t\t\t\t\t\t\t\t\t<div class='eventon_desc_in' itemprop='description'>\n\t\t\t\t\t\t\t\t\t\t<p>Questo gruppo si tiene a cadenza quindicinale il luned\u00ec alle 20. Conduttori Dott. Pasquale Tarantini e Dott.ssa Daniela De Vito.<\/p>\n<p>Per poter partecipare alla psicoterapia di gruppo \u00e8 necessario avere una psicoterapia individuale in corso o aver terminato in percorso di psicoterapia individuale e avere iniziato un percorso di sedute di controllo.<\/p>\n<p>Per informazioni dott. Pasquale Tarantini info@psises.it .<\/p>\n<p>Conduciamo gruppi in linea con l&#8217;approccio sistemico relazionale e possiamo affermare che questo tipo di esperienza diviene una marcia in pi\u00f9 nell&#8217;attivazione (a volte ri-attivazione) delle capacit\u00e0 relazionali del partecipante, completamento di un percorso di crescita psichica individuale.<\/p>\n<\/div><div class='clear'><\/div>\n\t\t\t\t\t\t\t\t\t<\/div>\n\t\t\t\t\t\t\t\t<\/div>\n\t\t\t\t\t\t\t<\/div><\/div><\/div><div class='evocard_row bx2 bx'><div id='event_time' class='evocard_box time' data-c='' \n\t\t\t\t\tstyle=''><div class='evo_metarow_time evorow evcal_evdata_row evcal_evrow_sm '>\n\t\t\t\t\t\t\t\t<span class='evcal_evdata_icons'><i class='fa fa-clock-o'><\/i><\/span>\n\t\t\t\t\t\t\t\t<div class='evcal_evdata_cell'>\t\t\t\t\t\t\t\n\t\t\t\t\t\t\t\t\t<h3 class='evo_h3'><span class='evcal_evdata_icons'><i class='fa fa-clock-o'><\/i><\/span>Orario<\/h3><p><span class='evo_eventcard_time_t'>(Luned\u00ec) 20:00 - 21:15<\/span><\/p>\n\t\t\t\t\t\t\t\t<\/div>\n\t\t\t\t\t\t\t<\/div><\/div><div id='event_location' class='evocard_box location' data-c='' \n\t\t\t\t\tstyle=''><div class='evcal_evdata_row evo_metarow_time_location evorow '>\n\t\t\t\t\t\t\t\t\n\t\t\t\t\t\t\t\t\t<span class='evcal_evdata_icons'><i class='fa fa-map-marker'><\/i><\/span>\n\t\t\t\t\t\t\t\t\t<div class='evcal_evdata_cell' data-loc_tax_id='667'><h3 class='evo_h3'><span class='evcal_evdata_icons'><i class='fa fa-map-marker'><\/i><\/span>Luogo<\/h3><p class='evo_location_name'>psises centro sala gruppo<\/p><p class='evo_location_address'>corso mazzini 37 - piano I Correggio Re<\/p><\/div>\n\t\t\t\t\t\t\t\t\n\t\t\t\t\t\t\t<\/div><\/div><\/div><div class='evocard_row'><div id='event_addtocal' class='evocard_box addtocal' data-c='' \n\t\t\t\t\tstyle=''><div class='evo_metarow_ICS evorow evcal_evdata_row'>\n\t\t\t\t\t\t\t\t\t<span class='evcal_evdata_icons'><i class='fa fa-calendar'><\/i><\/span>\n\t\t\t\t\t\t\t\t\t<div class='evcal_evdata_cell'>\n\t\t\t\t\t\t\t\t\t\t<p><a href='https:\/\/www.psises.it\/wp-admin\/admin-ajax.php?action=eventon_ics_download&event_id=3744&ri=0&nonce=4cf7ae4770' class='evo_ics_nCal' title='Add to your calendar'>Calendario<\/a><a href='\/\/www.google.com\/calendar\/event?action=TEMPLATE&amp;text=PSICOTERAPIA+DI+GRUPPO+DEL+LUNEDI%27&amp;dates=20260505T070000Z\/20260505T081500Z&amp;ctz=Pacific\/Midway&amp;details=PSICOTERAPIA+DI+GRUPPO+DEL+LUNEDI%27&amp;location=psises+centro+sala+gruppocorso+mazzini+37+-+piano+I+Correggio+Re' target='_blank' class='evo_ics_gCal' title='Add to google calendar'>Google Cal<\/a><\/p>\t\n\t\t\t\t\t\t\t\t\t<\/div>\n\t\t\t\t\t\t\t\t<\/div><\/div><\/div><div class='evo_card_row_end evcal_close' title='Chiudi Evento'><\/div><\/div><div class='clear end'><\/div><\/div><div id=\"event_4109_1\" class=\"eventon_list_event evo_eventtop scheduled  event event_4109_1\" data-event_id=\"4109\" data-ri=\"1r\" data-time=\"1778011200-1778015700\" data-colr=\"#f2242e\" itemscope itemtype='http:\/\/schema.org\/Event'><div class=\"evo_event_schema\" style=\"display:none\" ><a itemprop='url'  href='https:\/\/www.psises.it\/?ajde_events=psicoterapia-di-gruppo-del-martedi-6&var=ri-1.l-L1'><\/a><meta itemprop='image'  \/><meta itemprop='startDate' content=\"2026-5-5T20:00+2:00\" \/><meta itemprop='endDate' content=\"2026-5-5T21:15+2:00\" \/><meta itemprop='eventStatus' content=\"https:\/\/schema.org\/EventScheduled\" \/><item style=\"display:none\" itemprop=\"location\" itemscope itemtype=\"http:\/\/schema.org\/Place\"><span itemprop=\"name\">psises centro sala gruppo<\/span><span itemprop=\"address\" itemscope itemtype=\"http:\/\/schema.org\/PostalAddress\"><item itemprop=\"streetAddress\">corso mazzini 37 - piano I Correggio Re<\/item><\/span><\/item><item style=\"display:none\" itemprop=\"eventAttendanceMode\" itemscope itemtype=\"https:\/\/schema.org\/OfflineEventAttendanceMode\"><\/item><script type=\"application\/ld+json\">{\"@context\": \"http:\/\/schema.org\",\"@type\": \"Event\",\n\t\t\t\t\"@id\": \"event_4109_1\",\n\t\t\t\t\"eventAttendanceMode\":\"https:\/\/schema.org\/OfflineEventAttendanceMode\",\n\t\t\t\t\"eventStatus\":\"https:\/\/schema.org\/EventScheduled\",\n\t\t\t\t\"name\": \"PSICOTERAPIA DI GRUPPO DEL MARTED\u00cc\",\n\t\t\t\t\"url\": \"https:\/\/www.psises.it\/?ajde_events=psicoterapia-di-gruppo-del-martedi-6&var=ri-1.l-L1\",\n\t\t\t\t\"startDate\": \"2026-5-5T20:00+2:00\",\n\t\t\t\t\"endDate\": \"2026-5-5T21:15+2:00\",\n\t\t\t\t\"image\":\"\", \n\t\t\t\t\"description\":\"<p>Questo gruppo si tiene a cadenza quindicinale il marted\u00ec\u00a0alle 20,00. <strong>Conduttori Dott. Pasquale Tarantini e Dott.ssa Daniela De Vito.<\/strong><\/p> <p>Per poter partecipare alla psicoterapia di gruppo \u00e8 necessario avere una psicoterapia individuale in corso o aver terminato in percorso di psicoterapia individuale\u00a0e\u00a0avere iniziato\u00a0un percorso\u00a0di sedute di controllo.<\/p> <p>Per informazioni dott. Pasquale Tarantini info@psises.it .<\/p> <p><em>Conduciamo gruppi in linea con l&#8217;approccio sistemico relazionale e possiamo affermare che questo tipo di esperienza diviene una marcia in pi\u00f9 nell&#8217;attivazione (a volte ri-attivazione) delle capacit\u00e0 relazionali del partecipante, completamento di un percorso di crescita psichica individuale.<\/em><\/p> \",\"location\":[{\"@type\":\"Place\",\"name\":\"psises centro sala gruppo\",\"address\":{\"@type\": \"PostalAddress\",\"streetAddress\":\"corso mazzini 37 - piano I Correggio Re\"}}]}<\/script><\/div>\r\n\t\t\t\t<p class=\"desc_trig_outter\" style=\"\"><a data-gmap_status=\"null\" data-exlk=\"0\" style=\"background-color: #f2242e;\" id=\"evc_17780112004109\" class=\"event_repeat desc_trig featured_event 1 sin_val evcal_list_a\" data-ux_val=\"1\" data-ux_val_mob=\"-\"  ><span class='evoet_c2 evoet_cx '><span class='evoet_dayblock evcal_cblock ' data-bgcolor='#f2242e' data-smon='maggio' data-syr='2026' data-bub=''><span class='evo_start '><em class='date'>05<\/em><em class='month'>mag<\/em><em class='time'>20:00<\/em><\/span><span class='evo_end only_time'><em class='time'>21:15<\/em><\/span><\/span><\/span><span class='evoet_c3 evoet_cx evcal_desc hide_eventtopdata '><span class='evoet_title evcal_desc2 evcal_event_title' itemprop='name'>PSICOTERAPIA DI GRUPPO DEL MARTED\u00cc<\/span><span class='event_location_attrs'  data-location_address=\"corso mazzini 37 - piano I Correggio Re\" data-location_type=\"address\" data-location_name=\"psises centro sala gruppo\" data-location_url=\"https:\/\/www.psises.it\/?event_location=psises-centro-sala-gruppo\" data-location_status=\"true\"><\/span><span class='evoet_subtitle evo_below_title'><span class='evcal_event_subtitle' >psicoterapia<\/span><\/span><\/span><span class='evoet_data' data-d=\"{&quot;loc.n&quot;:&quot;psises centro sala gruppo&quot;,&quot;orgs&quot;:[]}\" ><\/span><\/a><\/p><div class='event_description evcal_eventcard ' style=\"display:none\"><div class='evocard_row'><div id='event_eventdetails' class='evocard_box eventdetails' data-c='' \n\t\t\t\t\tstyle=''><div class='evo_metarow_details evorow evcal_evdata_row evcal_event_details'>\n\t\t\t\t\t\t\t\t<div class=\"event_excerpt\" style=\"display:none\"><h3 class=\"padb5 evo_h3\">Dettagli<\/h3><p>Questo gruppo si tiene a cadenza quindicinale il marted\u00ec\u00a0alle 20,00. Conduttori Dott. Pasquale Tarantini e Dott.ssa Daniela De Vito.\nPer poter partecipare alla psicoterapia di gruppo \u00e8 necessario avere una psicoterapia<\/p><\/div><span class='evcal_evdata_icons'><i class='fa fa-align-justify'><\/i><\/span>\n\t\t\t\t\t\t\t\t\n\t\t\t\t\t\t\t\t<div class='evcal_evdata_cell '>\n\t\t\t\t\t\t\t\t\t<div class='eventon_full_description'>\n\t\t\t\t\t\t\t\t\t\t<h3 class='padb5 evo_h3'><span class='evcal_evdata_icons'><i class='fa fa-align-justify'><\/i><\/span>Dettagli<\/h3>\n\t\t\t\t\t\t\t\t\t\t<div class='eventon_desc_in' itemprop='description'>\n\t\t\t\t\t\t\t\t\t\t<p>Questo gruppo si tiene a cadenza quindicinale il marted\u00ec\u00a0alle 20,00. <strong>Conduttori Dott. Pasquale Tarantini e Dott.ssa Daniela De Vito.<\/strong><\/p>\n<p>Per poter partecipare alla psicoterapia di gruppo \u00e8 necessario avere una psicoterapia individuale in corso o aver terminato in percorso di psicoterapia individuale\u00a0e\u00a0avere iniziato\u00a0un percorso\u00a0di sedute di controllo.<\/p>\n<p>Per informazioni dott. Pasquale Tarantini info@psises.it .<\/p>\n<p><em>Conduciamo gruppi in linea con l&#8217;approccio sistemico relazionale e possiamo affermare che questo tipo di esperienza diviene una marcia in pi\u00f9 nell&#8217;attivazione (a volte ri-attivazione) delle capacit\u00e0 relazionali del partecipante, completamento di un percorso di crescita psichica individuale.<\/em><\/p>\n<\/div><div class='clear'><\/div>\n\t\t\t\t\t\t\t\t\t<\/div>\n\t\t\t\t\t\t\t\t<\/div>\n\t\t\t\t\t\t\t<\/div><\/div><\/div><div class='evocard_row bx2 bx'><div id='event_time' class='evocard_box time' data-c='' \n\t\t\t\t\tstyle=''><div class='evo_metarow_time evorow evcal_evdata_row evcal_evrow_sm '>\n\t\t\t\t\t\t\t\t<span class='evcal_evdata_icons'><i class='fa fa-clock-o'><\/i><\/span>\n\t\t\t\t\t\t\t\t<div class='evcal_evdata_cell'>\t\t\t\t\t\t\t\n\t\t\t\t\t\t\t\t\t<h3 class='evo_h3'><span class='evcal_evdata_icons'><i class='fa fa-clock-o'><\/i><\/span>Orario<\/h3><p><span class='evo_eventcard_time_t'>(Marted\u00ec) 20:00 - 21:15<\/span><\/p>\n\t\t\t\t\t\t\t\t<\/div>\n\t\t\t\t\t\t\t<\/div><\/div><div id='event_location' class='evocard_box location' data-c='' \n\t\t\t\t\tstyle=''><div class='evcal_evdata_row evo_metarow_time_location evorow '>\n\t\t\t\t\t\t\t\t\n\t\t\t\t\t\t\t\t\t<span class='evcal_evdata_icons'><i class='fa fa-map-marker'><\/i><\/span>\n\t\t\t\t\t\t\t\t\t<div class='evcal_evdata_cell' data-loc_tax_id='667'><h3 class='evo_h3'><span class='evcal_evdata_icons'><i class='fa fa-map-marker'><\/i><\/span>Luogo<\/h3><p class='evo_location_name'>psises centro sala gruppo<\/p><p class='evo_location_address'>corso mazzini 37 - piano I Correggio Re<\/p><\/div>\n\t\t\t\t\t\t\t\t\n\t\t\t\t\t\t\t<\/div><\/div><\/div><div class='evocard_row'><div id='event_addtocal' class='evocard_box addtocal' data-c='' \n\t\t\t\t\tstyle=''><div class='evo_metarow_ICS evorow evcal_evdata_row'>\n\t\t\t\t\t\t\t\t\t<span class='evcal_evdata_icons'><i class='fa fa-calendar'><\/i><\/span>\n\t\t\t\t\t\t\t\t\t<div class='evcal_evdata_cell'>\n\t\t\t\t\t\t\t\t\t\t<p><a href='https:\/\/www.psises.it\/wp-admin\/admin-ajax.php?action=eventon_ics_download&event_id=4109&ri=1&nonce=4cf7ae4770' class='evo_ics_nCal' title='Add to your calendar'>Calendario<\/a><a href='\/\/www.google.com\/calendar\/event?action=TEMPLATE&amp;text=PSICOTERAPIA+DI+GRUPPO+DEL+MARTED%C3%8C&amp;dates=20260505T180000Z\/20260505T191500Z&amp;ctz=Europe\/Rome&amp;details=PSICOTERAPIA+DI+GRUPPO+DEL+MARTED%C3%8C&amp;location=psises+centro+sala+gruppocorso+mazzini+37+-+piano+I+Correggio+Re' target='_blank' class='evo_ics_gCal' title='Add to google calendar'>Google Cal<\/a><\/p>\t\n\t\t\t\t\t\t\t\t\t<\/div>\n\t\t\t\t\t\t\t\t<\/div><\/div><\/div><div class='evo_card_row_end evcal_close' title='Chiudi Evento'><\/div><\/div><div class='clear end'><\/div><\/div><div id=\"event_4141_1\" class=\"eventon_list_event evo_eventtop scheduled  event event_4141_1\" data-event_id=\"4141\" data-ri=\"1r\" data-time=\"1778616000-1778620500\" data-colr=\"#1d743d\" itemscope itemtype='http:\/\/schema.org\/Event'><div class=\"evo_event_schema\" style=\"display:none\" ><a itemprop='url'  href='https:\/\/www.psises.it\/?ajde_events=psicoterapia-di-gruppo-3&var=ri-1.l-L1'><\/a><meta itemprop='image'  \/><meta itemprop='startDate' content=\"2026-5-12T20:00+2:00\" \/><meta itemprop='endDate' content=\"2026-5-12T21:15+2:00\" \/><meta itemprop='eventStatus' content=\"https:\/\/schema.org\/EventScheduled\" \/><item style=\"display:none\" itemprop=\"location\" itemscope itemtype=\"http:\/\/schema.org\/Place\"><span itemprop=\"name\">psises centro sala gruppo<\/span><span itemprop=\"address\" itemscope itemtype=\"http:\/\/schema.org\/PostalAddress\"><item itemprop=\"streetAddress\">corso mazzini 37 - piano I Correggio Re<\/item><\/span><\/item><item style=\"display:none\" itemprop=\"eventAttendanceMode\" itemscope itemtype=\"https:\/\/schema.org\/MixedEventAttendanceMode\"><\/item><script type=\"application\/ld+json\">{\"@context\": \"http:\/\/schema.org\",\"@type\": \"Event\",\n\t\t\t\t\"@id\": \"event_4141_1\",\n\t\t\t\t\"eventAttendanceMode\":\"https:\/\/schema.org\/MixedEventAttendanceMode\",\n\t\t\t\t\"eventStatus\":\"https:\/\/schema.org\/EventScheduled\",\n\t\t\t\t\"name\": \"PSICOTERAPIA DI GRUPPO 3\",\n\t\t\t\t\"url\": \"https:\/\/www.psises.it\/?ajde_events=psicoterapia-di-gruppo-3&var=ri-1.l-L1\",\n\t\t\t\t\"startDate\": \"2026-5-12T20:00+2:00\",\n\t\t\t\t\"endDate\": \"2026-5-12T21:15+2:00\",\n\t\t\t\t\"image\":\"\", \n\t\t\t\t\"description\":\"<p><!-- wp:pattern {'slug':'ajde_events\/blocks'} \/--><\/p> <p><!-- wp:tadv\/classic-paragraph --><\/p> <p><strong>Questo nuovo gruppo<\/strong> si tiene a cadenza quindicinale il marted\u00ec&nbsp;alle 20,00. <strong>Conduttori Dott. Pasquale Tarantini e Dott.ssa Daniela De Vito.<\/strong><\/p> <p>Per poter partecipare alla psicoterapia di gruppo \u00e8 necessario avere una psicoterapia individuale in corso o aver terminato in percorso di psicoterapia individuale&nbsp;e&nbsp;avere iniziato&nbsp;un percorso&nbsp;di sedute di controllo.<\/p> <p>Per informazioni dott. Pasquale Tarantini info@psises.it .<\/p> <p><em>Conduciamo gruppi in linea con l&#8217;approccio sistemico relazionale e possiamo affermare che questo tipo di esperienza diviene una marcia in pi\u00f9 nell&#8217;attivazione (a volte ri-attivazione) delle capacit\u00e0 relazionali del partecipante, completamento di un percorso di crescita psichica individuale.<\/em><\/p> <p><!-- \/wp:tadv\/classic-paragraph --><\/p> \",\"location\":[{\"@type\":\"Place\",\"name\":\"psises centro sala gruppo\",\"address\":{\"@type\": \"PostalAddress\",\"streetAddress\":\"corso mazzini 37 - piano I Correggio Re\"}}]}<\/script><\/div>\r\n\t\t\t\t<p class=\"desc_trig_outter\" style=\"\"><a data-gmtrig=\"1\" data-exlk=\"0\" style=\"background-color: #1d743d;\" id=\"evc_17786160004141\" class=\"event_repeat desc_trig sin_val evcal_list_a\" data-ux_val=\"1\" data-ux_val_mob=\"-\"  ><span class='evoet_c2 evoet_cx '><span class='evoet_dayblock evcal_cblock ' data-bgcolor='#1d743d' data-smon='maggio' data-syr='2026' data-bub=''><span class='evo_start '><em class='date'>12<\/em><em class='month'>mag<\/em><em class='time'>20:00<\/em><\/span><span class='evo_end only_time'><em class='time'>21:15<\/em><\/span><\/span><\/span><span class='evoet_c3 evoet_cx evcal_desc hide_eventtopdata '><span class='evoet_title evcal_desc2 evcal_event_title' itemprop='name'>PSICOTERAPIA DI GRUPPO 3<\/span><span class='event_location_attrs'  data-location_address=\"corso mazzini 37 - piano I Correggio Re\" data-location_type=\"address\" data-location_name=\"psises centro sala gruppo\" data-location_url=\"https:\/\/www.psises.it\/?event_location=psises-centro-sala-gruppo\" data-location_status=\"true\"><\/span><span class='evoet_subtitle evo_below_title'><span class='evcal_event_subtitle' >NUOVO GRUPPO DI PSICOTERAPIA DI GRUPPO: PRESENTAZIONE E PRIMO INCONTRO<\/span><\/span><\/span><span class='evoet_data' data-d=\"{&quot;loc.n&quot;:&quot;psises centro sala gruppo&quot;,&quot;orgs&quot;:[]}\" ><\/span><\/a><\/p><div class='event_description evcal_eventcard ' style=\"display:none\"><div class='evocard_row'><div id='event_eventdetails' class='evocard_box eventdetails' data-c='' \n\t\t\t\t\tstyle=''><div class='evo_metarow_details evorow evcal_evdata_row evcal_event_details'>\n\t\t\t\t\t\t\t\t<div class=\"event_excerpt\" style=\"display:none\"><h3 class=\"padb5 evo_h3\">Dettagli<\/h3><p>\n\nQuesto nuovo gruppo si tiene a cadenza quindicinale il marted\u00ec&nbsp;alle 20,00. Conduttori Dott. Pasquale Tarantini e Dott.ssa Daniela De Vito.\nPer poter partecipare alla psicoterapia di<\/p><\/div><span class='evcal_evdata_icons'><i class='fa fa-align-justify'><\/i><\/span>\n\t\t\t\t\t\t\t\t\n\t\t\t\t\t\t\t\t<div class='evcal_evdata_cell '>\n\t\t\t\t\t\t\t\t\t<div class='eventon_full_description'>\n\t\t\t\t\t\t\t\t\t\t<h3 class='padb5 evo_h3'><span class='evcal_evdata_icons'><i class='fa fa-align-justify'><\/i><\/span>Dettagli<\/h3>\n\t\t\t\t\t\t\t\t\t\t<div class='eventon_desc_in' itemprop='description'>\n\t\t\t\t\t\t\t\t\t\t<p><!-- wp:pattern {\"slug\":\"ajde_events\/blocks\"} \/--><\/p>\n<p><!-- wp:tadv\/classic-paragraph --><\/p>\n<p><strong>Questo nuovo gruppo<\/strong> si tiene a cadenza quindicinale il marted\u00ec&nbsp;alle 20,00. <strong>Conduttori Dott. Pasquale Tarantini e Dott.ssa Daniela De Vito.<\/strong><\/p>\n<p>Per poter partecipare alla psicoterapia di gruppo \u00e8 necessario avere una psicoterapia individuale in corso o aver terminato in percorso di psicoterapia individuale&nbsp;e&nbsp;avere iniziato&nbsp;un percorso&nbsp;di sedute di controllo.<\/p>\n<p>Per informazioni dott. Pasquale Tarantini info@psises.it .<\/p>\n<p><em>Conduciamo gruppi in linea con l&#8217;approccio sistemico relazionale e possiamo affermare che questo tipo di esperienza diviene una marcia in pi\u00f9 nell&#8217;attivazione (a volte ri-attivazione) delle capacit\u00e0 relazionali del partecipante, completamento di un percorso di crescita psichica individuale.<\/em><\/p>\n<p><!-- \/wp:tadv\/classic-paragraph --><\/p>\n<\/div><div class='clear'><\/div>\n\t\t\t\t\t\t\t\t\t<\/div>\n\t\t\t\t\t\t\t\t<\/div>\n\t\t\t\t\t\t\t<\/div><\/div><\/div><div class='evocard_row bx2 bx'><div id='event_time' class='evocard_box time' data-c='' \n\t\t\t\t\tstyle=''><div class='evo_metarow_time evorow evcal_evdata_row evcal_evrow_sm '>\n\t\t\t\t\t\t\t\t<span class='evcal_evdata_icons'><i class='fa fa-clock-o'><\/i><\/span>\n\t\t\t\t\t\t\t\t<div class='evcal_evdata_cell'>\t\t\t\t\t\t\t\n\t\t\t\t\t\t\t\t\t<h3 class='evo_h3'><span class='evcal_evdata_icons'><i class='fa fa-clock-o'><\/i><\/span>Orario<\/h3><p><span class='evo_eventcard_time_t'>(Marted\u00ec) 20:00 - 21:15<\/span><\/p>\n\t\t\t\t\t\t\t\t<\/div>\n\t\t\t\t\t\t\t<\/div><\/div><div id='event_location' class='evocard_box location' data-c='' \n\t\t\t\t\tstyle=''><div class='evcal_evdata_row evo_metarow_time_location evorow '>\n\t\t\t\t\t\t\t\t\n\t\t\t\t\t\t\t\t\t<span class='evcal_evdata_icons'><i class='fa fa-map-marker'><\/i><\/span>\n\t\t\t\t\t\t\t\t\t<div class='evcal_evdata_cell' data-loc_tax_id='667'><h3 class='evo_h3'><span class='evcal_evdata_icons'><i class='fa fa-map-marker'><\/i><\/span>Luogo<\/h3><p class='evo_location_name'>psises centro sala gruppo<\/p><p class='evo_location_address'>corso mazzini 37 - piano I Correggio Re<\/p><\/div>\n\t\t\t\t\t\t\t\t\n\t\t\t\t\t\t\t<\/div><\/div><\/div><div class='evocard_row'><div id='event_gmap' class='evocard_box gmap' data-c='' \n\t\t\t\t\tstyle=''><div class='evcal_evdata_row evo_metarow_gmap evorow evcal_gmaps evc177861600069f0dc5f49f774141_gmap' id='evc177861600069f0dc5f49f774141_gmap' style='max-width:none'><\/div><\/div><\/div><div class='evocard_row'><div id='event_addtocal' class='evocard_box addtocal' data-c='' \n\t\t\t\t\tstyle=''><div class='evo_metarow_ICS evorow evcal_evdata_row'>\n\t\t\t\t\t\t\t\t\t<span class='evcal_evdata_icons'><i class='fa fa-calendar'><\/i><\/span>\n\t\t\t\t\t\t\t\t\t<div class='evcal_evdata_cell'>\n\t\t\t\t\t\t\t\t\t\t<p><a href='https:\/\/www.psises.it\/wp-admin\/admin-ajax.php?action=eventon_ics_download&event_id=4141&ri=1&nonce=4cf7ae4770' class='evo_ics_nCal' title='Add to your calendar'>Calendario<\/a><a href='\/\/www.google.com\/calendar\/event?action=TEMPLATE&amp;text=PSICOTERAPIA+DI+GRUPPO+3&amp;dates=20260512T180000Z\/20260512T191500Z&amp;ctz=Europe\/Rome&amp;details=PSICOTERAPIA+DI+GRUPPO+3&amp;location=psises+centro+sala+gruppocorso+mazzini+37+-+piano+I+Correggio+Re' target='_blank' class='evo_ics_gCal' title='Add to google calendar'>Google Cal<\/a><\/p>\t\n\t\t\t\t\t\t\t\t\t<\/div>\n\t\t\t\t\t\t\t\t<\/div><\/div><\/div><div class='evo_card_row_end evcal_close' title='Chiudi Evento'><\/div><\/div><div class='clear end'><\/div><\/div><div id=\"event_3744_1\" class=\"eventon_list_event evo_eventtop scheduled  event event_3744_1\" data-event_id=\"3744\" data-ri=\"1r\" data-time=\"1779134400-1779138900\" data-colr=\"#206177\" itemscope itemtype='http:\/\/schema.org\/Event'><div class=\"evo_event_schema\" style=\"display:none\" ><a itemprop='url'  href='https:\/\/www.psises.it\/?ajde_events=psicoterapia-di-gruppo-del-lunedi-copia-3&var=ri-1.l-L1'><\/a><meta itemprop='image'  \/><meta itemprop='startDate' content=\"2026-5-18T20:00+2:00\" \/><meta itemprop='endDate' content=\"2026-5-18T21:15+2:00\" \/><meta itemprop='eventStatus' content=\"https:\/\/schema.org\/EventScheduled\" \/><item style=\"display:none\" itemprop=\"location\" itemscope itemtype=\"http:\/\/schema.org\/Place\"><span itemprop=\"name\">psises centro sala gruppo<\/span><span itemprop=\"address\" itemscope itemtype=\"http:\/\/schema.org\/PostalAddress\"><item itemprop=\"streetAddress\">corso mazzini 37 - piano I Correggio Re<\/item><\/span><\/item><item style=\"display:none\" itemprop=\"eventAttendanceMode\" itemscope itemtype=\"https:\/\/schema.org\/OfflineEventAttendanceMode\"><\/item><script type=\"application\/ld+json\">{\"@context\": \"http:\/\/schema.org\",\"@type\": \"Event\",\n\t\t\t\t\"@id\": \"event_3744_1\",\n\t\t\t\t\"eventAttendanceMode\":\"https:\/\/schema.org\/OfflineEventAttendanceMode\",\n\t\t\t\t\"eventStatus\":\"https:\/\/schema.org\/EventScheduled\",\n\t\t\t\t\"name\": \"PSICOTERAPIA DI GRUPPO DEL LUNEDI&#039;\",\n\t\t\t\t\"url\": \"https:\/\/www.psises.it\/?ajde_events=psicoterapia-di-gruppo-del-lunedi-copia-3&var=ri-1.l-L1\",\n\t\t\t\t\"startDate\": \"2026-5-18T20:00+2:00\",\n\t\t\t\t\"endDate\": \"2026-5-18T21:15+2:00\",\n\t\t\t\t\"image\":\"\", \n\t\t\t\t\"description\":\"<p>Questo gruppo si tiene a cadenza quindicinale il luned\u00ec alle 20. Conduttori Dott. Pasquale Tarantini e Dott.ssa Daniela De Vito.<\/p> <p>Per poter partecipare alla psicoterapia di gruppo \u00e8 necessario avere una psicoterapia individuale in corso o aver terminato in percorso di psicoterapia individuale e avere iniziato un percorso di sedute di controllo.<\/p> <p>Per informazioni dott. Pasquale Tarantini info@psises.it .<\/p> <p>Conduciamo gruppi in linea con l&#8217;approccio sistemico relazionale e possiamo affermare che questo tipo di esperienza diviene una marcia in pi\u00f9 nell&#8217;attivazione (a volte ri-attivazione) delle capacit\u00e0 relazionali del partecipante, completamento di un percorso di crescita psichica individuale.<\/p> \",\"location\":[{\"@type\":\"Place\",\"name\":\"psises centro sala gruppo\",\"address\":{\"@type\": \"PostalAddress\",\"streetAddress\":\"corso mazzini 37 - piano I Correggio Re\"}}]}<\/script><\/div>\r\n\t\t\t\t<p class=\"desc_trig_outter\" style=\"\"><a data-gmap_status=\"null\" data-exlk=\"0\" style=\"background-color: #206177;\" id=\"evc_17791344003744\" class=\"event_repeat desc_trig featured_event 1 sin_val evcal_list_a\" data-ux_val=\"1\" data-ux_val_mob=\"-\"  ><span class='evoet_c2 evoet_cx '><span class='evoet_dayblock evcal_cblock ' data-bgcolor='#206177' data-smon='maggio' data-syr='2026' data-bub=''><span class='evo_start '><em class='date'>18<\/em><em class='month'>mag<\/em><em class='time'>20:00<\/em><\/span><span class='evo_end only_time'><em class='time'>21:15<\/em><\/span><\/span><\/span><span class='evoet_c3 evoet_cx evcal_desc hide_eventtopdata '><span class='evoet_title evcal_desc2 evcal_event_title' itemprop='name'>PSICOTERAPIA DI GRUPPO DEL LUNEDI'<\/span><span class='event_location_attrs'  data-location_address=\"corso mazzini 37 - piano I Correggio Re\" data-location_type=\"address\" data-location_name=\"psises centro sala gruppo\" data-location_url=\"https:\/\/www.psises.it\/?event_location=psises-centro-sala-gruppo\" data-location_status=\"true\"><\/span><span class='evoet_subtitle evo_below_title'><span class='evcal_event_subtitle' >psicoterapia<\/span><\/span><\/span><span class='evoet_data' data-d=\"{&quot;loc.n&quot;:&quot;psises centro sala gruppo&quot;,&quot;orgs&quot;:[]}\" ><\/span><\/a><\/p><div class='event_description evcal_eventcard ' style=\"display:none\"><div class='evocard_row'><div id='event_eventdetails' class='evocard_box eventdetails' data-c='' \n\t\t\t\t\tstyle=''><div class='evo_metarow_details evorow evcal_evdata_row evcal_event_details'>\n\t\t\t\t\t\t\t\t<div class=\"event_excerpt\" style=\"display:none\"><h3 class=\"padb5 evo_h3\">Dettagli<\/h3><p>Questo gruppo si tiene a cadenza quindicinale il luned\u00ec alle 20. Conduttori Dott. Pasquale Tarantini e Dott.ssa Daniela De Vito.\nPer poter partecipare alla psicoterapia di gruppo \u00e8 necessario avere una<\/p><\/div><span class='evcal_evdata_icons'><i class='fa fa-align-justify'><\/i><\/span>\n\t\t\t\t\t\t\t\t\n\t\t\t\t\t\t\t\t<div class='evcal_evdata_cell '>\n\t\t\t\t\t\t\t\t\t<div class='eventon_full_description'>\n\t\t\t\t\t\t\t\t\t\t<h3 class='padb5 evo_h3'><span class='evcal_evdata_icons'><i class='fa fa-align-justify'><\/i><\/span>Dettagli<\/h3>\n\t\t\t\t\t\t\t\t\t\t<div class='eventon_desc_in' itemprop='description'>\n\t\t\t\t\t\t\t\t\t\t<p>Questo gruppo si tiene a cadenza quindicinale il luned\u00ec alle 20. Conduttori Dott. Pasquale Tarantini e Dott.ssa Daniela De Vito.<\/p>\n<p>Per poter partecipare alla psicoterapia di gruppo \u00e8 necessario avere una psicoterapia individuale in corso o aver terminato in percorso di psicoterapia individuale e avere iniziato un percorso di sedute di controllo.<\/p>\n<p>Per informazioni dott. Pasquale Tarantini info@psises.it .<\/p>\n<p>Conduciamo gruppi in linea con l&#8217;approccio sistemico relazionale e possiamo affermare che questo tipo di esperienza diviene una marcia in pi\u00f9 nell&#8217;attivazione (a volte ri-attivazione) delle capacit\u00e0 relazionali del partecipante, completamento di un percorso di crescita psichica individuale.<\/p>\n<\/div><div class='clear'><\/div>\n\t\t\t\t\t\t\t\t\t<\/div>\n\t\t\t\t\t\t\t\t<\/div>\n\t\t\t\t\t\t\t<\/div><\/div><\/div><div class='evocard_row bx2 bx'><div id='event_time' class='evocard_box time' data-c='' \n\t\t\t\t\tstyle=''><div class='evo_metarow_time evorow evcal_evdata_row evcal_evrow_sm '>\n\t\t\t\t\t\t\t\t<span class='evcal_evdata_icons'><i class='fa fa-clock-o'><\/i><\/span>\n\t\t\t\t\t\t\t\t<div class='evcal_evdata_cell'>\t\t\t\t\t\t\t\n\t\t\t\t\t\t\t\t\t<h3 class='evo_h3'><span class='evcal_evdata_icons'><i class='fa fa-clock-o'><\/i><\/span>Orario<\/h3><p><span class='evo_eventcard_time_t'>(Luned\u00ec) 20:00 - 21:15<\/span><\/p>\n\t\t\t\t\t\t\t\t<\/div>\n\t\t\t\t\t\t\t<\/div><\/div><div id='event_location' class='evocard_box location' data-c='' \n\t\t\t\t\tstyle=''><div class='evcal_evdata_row evo_metarow_time_location evorow '>\n\t\t\t\t\t\t\t\t\n\t\t\t\t\t\t\t\t\t<span class='evcal_evdata_icons'><i class='fa fa-map-marker'><\/i><\/span>\n\t\t\t\t\t\t\t\t\t<div class='evcal_evdata_cell' data-loc_tax_id='667'><h3 class='evo_h3'><span class='evcal_evdata_icons'><i class='fa fa-map-marker'><\/i><\/span>Luogo<\/h3><p class='evo_location_name'>psises centro sala gruppo<\/p><p class='evo_location_address'>corso mazzini 37 - piano I Correggio Re<\/p><\/div>\n\t\t\t\t\t\t\t\t\n\t\t\t\t\t\t\t<\/div><\/div><\/div><div class='evocard_row'><div id='event_addtocal' class='evocard_box addtocal' data-c='' \n\t\t\t\t\tstyle=''><div class='evo_metarow_ICS evorow evcal_evdata_row'>\n\t\t\t\t\t\t\t\t\t<span class='evcal_evdata_icons'><i class='fa fa-calendar'><\/i><\/span>\n\t\t\t\t\t\t\t\t\t<div class='evcal_evdata_cell'>\n\t\t\t\t\t\t\t\t\t\t<p><a href='https:\/\/www.psises.it\/wp-admin\/admin-ajax.php?action=eventon_ics_download&event_id=3744&ri=1&nonce=4cf7ae4770' class='evo_ics_nCal' title='Add to your calendar'>Calendario<\/a><a href='\/\/www.google.com\/calendar\/event?action=TEMPLATE&amp;text=PSICOTERAPIA+DI+GRUPPO+DEL+LUNEDI%27&amp;dates=20260519T070000Z\/20260519T081500Z&amp;ctz=Pacific\/Midway&amp;details=PSICOTERAPIA+DI+GRUPPO+DEL+LUNEDI%27&amp;location=psises+centro+sala+gruppocorso+mazzini+37+-+piano+I+Correggio+Re' target='_blank' class='evo_ics_gCal' title='Add to google calendar'>Google Cal<\/a><\/p>\t\n\t\t\t\t\t\t\t\t\t<\/div>\n\t\t\t\t\t\t\t\t<\/div><\/div><\/div><div class='evo_card_row_end evcal_close' title='Chiudi Evento'><\/div><\/div><div class='clear end'><\/div><\/div><div id=\"event_4109_2\" class=\"eventon_list_event evo_eventtop scheduled  event event_4109_2\" data-event_id=\"4109\" data-ri=\"2r\" data-time=\"1779220800-1779225300\" data-colr=\"#f2242e\" itemscope itemtype='http:\/\/schema.org\/Event'><div class=\"evo_event_schema\" style=\"display:none\" ><a itemprop='url'  href='https:\/\/www.psises.it\/?ajde_events=psicoterapia-di-gruppo-del-martedi-6&var=ri-2.l-L1'><\/a><meta itemprop='image'  \/><meta itemprop='startDate' content=\"2026-5-19T20:00+2:00\" \/><meta itemprop='endDate' content=\"2026-5-19T21:15+2:00\" \/><meta itemprop='eventStatus' content=\"https:\/\/schema.org\/EventScheduled\" \/><item style=\"display:none\" itemprop=\"location\" itemscope itemtype=\"http:\/\/schema.org\/Place\"><span itemprop=\"name\">psises centro sala gruppo<\/span><span itemprop=\"address\" itemscope itemtype=\"http:\/\/schema.org\/PostalAddress\"><item itemprop=\"streetAddress\">corso mazzini 37 - piano I Correggio Re<\/item><\/span><\/item><item style=\"display:none\" itemprop=\"eventAttendanceMode\" itemscope itemtype=\"https:\/\/schema.org\/OfflineEventAttendanceMode\"><\/item><script type=\"application\/ld+json\">{\"@context\": \"http:\/\/schema.org\",\"@type\": \"Event\",\n\t\t\t\t\"@id\": \"event_4109_2\",\n\t\t\t\t\"eventAttendanceMode\":\"https:\/\/schema.org\/OfflineEventAttendanceMode\",\n\t\t\t\t\"eventStatus\":\"https:\/\/schema.org\/EventScheduled\",\n\t\t\t\t\"name\": \"PSICOTERAPIA DI GRUPPO DEL MARTED\u00cc\",\n\t\t\t\t\"url\": \"https:\/\/www.psises.it\/?ajde_events=psicoterapia-di-gruppo-del-martedi-6&var=ri-2.l-L1\",\n\t\t\t\t\"startDate\": \"2026-5-19T20:00+2:00\",\n\t\t\t\t\"endDate\": \"2026-5-19T21:15+2:00\",\n\t\t\t\t\"image\":\"\", \n\t\t\t\t\"description\":\"<p>Questo gruppo si tiene a cadenza quindicinale il marted\u00ec\u00a0alle 20,00. <strong>Conduttori Dott. Pasquale Tarantini e Dott.ssa Daniela De Vito.<\/strong><\/p> <p>Per poter partecipare alla psicoterapia di gruppo \u00e8 necessario avere una psicoterapia individuale in corso o aver terminato in percorso di psicoterapia individuale\u00a0e\u00a0avere iniziato\u00a0un percorso\u00a0di sedute di controllo.<\/p> <p>Per informazioni dott. Pasquale Tarantini info@psises.it .<\/p> <p><em>Conduciamo gruppi in linea con l&#8217;approccio sistemico relazionale e possiamo affermare che questo tipo di esperienza diviene una marcia in pi\u00f9 nell&#8217;attivazione (a volte ri-attivazione) delle capacit\u00e0 relazionali del partecipante, completamento di un percorso di crescita psichica individuale.<\/em><\/p> \",\"location\":[{\"@type\":\"Place\",\"name\":\"psises centro sala gruppo\",\"address\":{\"@type\": \"PostalAddress\",\"streetAddress\":\"corso mazzini 37 - piano I Correggio Re\"}}]}<\/script><\/div>\r\n\t\t\t\t<p class=\"desc_trig_outter\" style=\"\"><a data-gmap_status=\"null\" data-exlk=\"0\" style=\"background-color: #f2242e;\" id=\"evc_17792208004109\" class=\"event_repeat desc_trig featured_event 1 sin_val evcal_list_a\" data-ux_val=\"1\" data-ux_val_mob=\"-\"  ><span class='evoet_c2 evoet_cx '><span class='evoet_dayblock evcal_cblock ' data-bgcolor='#f2242e' data-smon='maggio' data-syr='2026' data-bub=''><span class='evo_start '><em class='date'>19<\/em><em class='month'>mag<\/em><em class='time'>20:00<\/em><\/span><span class='evo_end only_time'><em class='time'>21:15<\/em><\/span><\/span><\/span><span class='evoet_c3 evoet_cx evcal_desc hide_eventtopdata '><span class='evoet_title evcal_desc2 evcal_event_title' itemprop='name'>PSICOTERAPIA DI GRUPPO DEL MARTED\u00cc<\/span><span class='event_location_attrs'  data-location_address=\"corso mazzini 37 - piano I Correggio Re\" data-location_type=\"address\" data-location_name=\"psises centro sala gruppo\" data-location_url=\"https:\/\/www.psises.it\/?event_location=psises-centro-sala-gruppo\" data-location_status=\"true\"><\/span><span class='evoet_subtitle evo_below_title'><span class='evcal_event_subtitle' >psicoterapia<\/span><\/span><\/span><span class='evoet_data' data-d=\"{&quot;loc.n&quot;:&quot;psises centro sala gruppo&quot;,&quot;orgs&quot;:[]}\" ><\/span><\/a><\/p><div class='event_description evcal_eventcard ' style=\"display:none\"><div class='evocard_row'><div id='event_eventdetails' class='evocard_box eventdetails' data-c='' \n\t\t\t\t\tstyle=''><div class='evo_metarow_details evorow evcal_evdata_row evcal_event_details'>\n\t\t\t\t\t\t\t\t<div class=\"event_excerpt\" style=\"display:none\"><h3 class=\"padb5 evo_h3\">Dettagli<\/h3><p>Questo gruppo si tiene a cadenza quindicinale il marted\u00ec\u00a0alle 20,00. Conduttori Dott. Pasquale Tarantini e Dott.ssa Daniela De Vito.\nPer poter partecipare alla psicoterapia di gruppo \u00e8 necessario avere una psicoterapia<\/p><\/div><span class='evcal_evdata_icons'><i class='fa fa-align-justify'><\/i><\/span>\n\t\t\t\t\t\t\t\t\n\t\t\t\t\t\t\t\t<div class='evcal_evdata_cell '>\n\t\t\t\t\t\t\t\t\t<div class='eventon_full_description'>\n\t\t\t\t\t\t\t\t\t\t<h3 class='padb5 evo_h3'><span class='evcal_evdata_icons'><i class='fa fa-align-justify'><\/i><\/span>Dettagli<\/h3>\n\t\t\t\t\t\t\t\t\t\t<div class='eventon_desc_in' itemprop='description'>\n\t\t\t\t\t\t\t\t\t\t<p>Questo gruppo si tiene a cadenza quindicinale il marted\u00ec\u00a0alle 20,00. <strong>Conduttori Dott. Pasquale Tarantini e Dott.ssa Daniela De Vito.<\/strong><\/p>\n<p>Per poter partecipare alla psicoterapia di gruppo \u00e8 necessario avere una psicoterapia individuale in corso o aver terminato in percorso di psicoterapia individuale\u00a0e\u00a0avere iniziato\u00a0un percorso\u00a0di sedute di controllo.<\/p>\n<p>Per informazioni dott. Pasquale Tarantini info@psises.it .<\/p>\n<p><em>Conduciamo gruppi in linea con l&#8217;approccio sistemico relazionale e possiamo affermare che questo tipo di esperienza diviene una marcia in pi\u00f9 nell&#8217;attivazione (a volte ri-attivazione) delle capacit\u00e0 relazionali del partecipante, completamento di un percorso di crescita psichica individuale.<\/em><\/p>\n<\/div><div class='clear'><\/div>\n\t\t\t\t\t\t\t\t\t<\/div>\n\t\t\t\t\t\t\t\t<\/div>\n\t\t\t\t\t\t\t<\/div><\/div><\/div><div class='evocard_row bx2 bx'><div id='event_time' class='evocard_box time' data-c='' \n\t\t\t\t\tstyle=''><div class='evo_metarow_time evorow evcal_evdata_row evcal_evrow_sm '>\n\t\t\t\t\t\t\t\t<span class='evcal_evdata_icons'><i class='fa fa-clock-o'><\/i><\/span>\n\t\t\t\t\t\t\t\t<div class='evcal_evdata_cell'>\t\t\t\t\t\t\t\n\t\t\t\t\t\t\t\t\t<h3 class='evo_h3'><span class='evcal_evdata_icons'><i class='fa fa-clock-o'><\/i><\/span>Orario<\/h3><p><span class='evo_eventcard_time_t'>(Marted\u00ec) 20:00 - 21:15<\/span><\/p>\n\t\t\t\t\t\t\t\t<\/div>\n\t\t\t\t\t\t\t<\/div><\/div><div id='event_location' class='evocard_box location' data-c='' \n\t\t\t\t\tstyle=''><div class='evcal_evdata_row evo_metarow_time_location evorow '>\n\t\t\t\t\t\t\t\t\n\t\t\t\t\t\t\t\t\t<span class='evcal_evdata_icons'><i class='fa fa-map-marker'><\/i><\/span>\n\t\t\t\t\t\t\t\t\t<div class='evcal_evdata_cell' data-loc_tax_id='667'><h3 class='evo_h3'><span class='evcal_evdata_icons'><i class='fa fa-map-marker'><\/i><\/span>Luogo<\/h3><p class='evo_location_name'>psises centro sala gruppo<\/p><p class='evo_location_address'>corso mazzini 37 - piano I Correggio Re<\/p><\/div>\n\t\t\t\t\t\t\t\t\n\t\t\t\t\t\t\t<\/div><\/div><\/div><div class='evocard_row'><div id='event_addtocal' class='evocard_box addtocal' data-c='' \n\t\t\t\t\tstyle=''><div class='evo_metarow_ICS evorow evcal_evdata_row'>\n\t\t\t\t\t\t\t\t\t<span class='evcal_evdata_icons'><i class='fa fa-calendar'><\/i><\/span>\n\t\t\t\t\t\t\t\t\t<div class='evcal_evdata_cell'>\n\t\t\t\t\t\t\t\t\t\t<p><a href='https:\/\/www.psises.it\/wp-admin\/admin-ajax.php?action=eventon_ics_download&event_id=4109&ri=2&nonce=4cf7ae4770' class='evo_ics_nCal' title='Add to your calendar'>Calendario<\/a><a href='\/\/www.google.com\/calendar\/event?action=TEMPLATE&amp;text=PSICOTERAPIA+DI+GRUPPO+DEL+MARTED%C3%8C&amp;dates=20260519T180000Z\/20260519T191500Z&amp;ctz=Europe\/Rome&amp;details=PSICOTERAPIA+DI+GRUPPO+DEL+MARTED%C3%8C&amp;location=psises+centro+sala+gruppocorso+mazzini+37+-+piano+I+Correggio+Re' target='_blank' class='evo_ics_gCal' title='Add to google calendar'>Google Cal<\/a><\/p>\t\n\t\t\t\t\t\t\t\t\t<\/div>\n\t\t\t\t\t\t\t\t<\/div><\/div><\/div><div class='evo_card_row_end evcal_close' title='Chiudi Evento'><\/div><\/div><div class='clear end'><\/div><\/div><div id=\"event_3549_0\" class=\"eventon_list_event evo_eventtop scheduled  event event_3549_0\" data-event_id=\"3549\" data-ri=\"0r\" data-time=\"1779739200-1779743700\" data-colr=\"#206177\" itemscope itemtype='http:\/\/schema.org\/Event'><div class=\"evo_event_schema\" style=\"display:none\" ><a itemprop='url'  href='https:\/\/www.psises.it\/?ajde_events=psicoterapia-di-gruppo-del-lunedi-2'><\/a><meta itemprop='image'  \/><meta itemprop='startDate' content=\"2026-5-25T20:00+2:00\" \/><meta itemprop='endDate' content=\"2026-5-25T21:15+2:00\" \/><meta itemprop='eventStatus' content=\"https:\/\/schema.org\/EventScheduled\" \/><item style=\"display:none\" itemprop=\"location\" itemscope itemtype=\"http:\/\/schema.org\/Place\"><span itemprop=\"name\">psises centro sala gruppo<\/span><span itemprop=\"address\" itemscope itemtype=\"http:\/\/schema.org\/PostalAddress\"><item itemprop=\"streetAddress\">corso mazzini 37 - piano I Correggio Re<\/item><\/span><\/item><item style=\"display:none\" itemprop=\"eventAttendanceMode\" itemscope itemtype=\"https:\/\/schema.org\/OfflineEventAttendanceMode\"><\/item><script type=\"application\/ld+json\">{\"@context\": \"http:\/\/schema.org\",\"@type\": \"Event\",\n\t\t\t\t\"@id\": \"event_3549_0\",\n\t\t\t\t\"eventAttendanceMode\":\"https:\/\/schema.org\/OfflineEventAttendanceMode\",\n\t\t\t\t\"eventStatus\":\"https:\/\/schema.org\/EventScheduled\",\n\t\t\t\t\"name\": \"PSICOTERAPIA DI GRUPPO 1 (DEL LUNEDI&#039;)\",\n\t\t\t\t\"url\": \"https:\/\/www.psises.it\/?ajde_events=psicoterapia-di-gruppo-del-lunedi-2\",\n\t\t\t\t\"startDate\": \"2026-5-25T20:00+2:00\",\n\t\t\t\t\"endDate\": \"2026-5-25T21:15+2:00\",\n\t\t\t\t\"image\":\"\", \n\t\t\t\t\"description\":\"<p>Questo gruppo si tiene a cadenza quindicinale il luned\u00ec\u00a0alle 20,00. Conduttori Dott. Pasquale Tarantini e Dott.ssa Daniela De Vito.<\/p> <p>Per poter partecipare alla psicoterapia di gruppo \u00e8 necessario avere una psicoterapia individuale in corso o aver terminato in percorso di psicoterapia individuale e avere iniziato un percorso di sedute di controllo.<\/p> <p>Per informazioni dott. Pasquale Tarantini info@psises.it .<\/p> <p>Conduciamo gruppi in linea con l&#8217;approccio sistemico relazionale e possiamo affermare che questo tipo di esperienza diviene una marcia in pi\u00f9 nell&#8217;attivazione (a volte ri-attivazione) delle capacit\u00e0 relazionali del partecipante, completamento di un percorso di crescita psichica individuale.<\/p> \",\"location\":[{\"@type\":\"Place\",\"name\":\"psises centro sala gruppo\",\"address\":{\"@type\": \"PostalAddress\",\"streetAddress\":\"corso mazzini 37 - piano I Correggio Re\"}}]}<\/script><\/div>\r\n\t\t\t\t<p class=\"desc_trig_outter\" style=\"\"><a data-gmap_status=\"null\" data-exlk=\"0\" style=\"background-color: #206177;\" id=\"evc_17797392003549\" class=\"desc_trig featured_event 1 sin_val evcal_list_a\" data-ux_val=\"1\" data-ux_val_mob=\"-\"  ><span class='evoet_c2 evoet_cx '><span class='evoet_dayblock evcal_cblock ' data-bgcolor='#206177' data-smon='maggio' data-syr='2026' data-bub=''><span class='evo_start '><em class='date'>25<\/em><em class='month'>mag<\/em><em class='time'>20:00<\/em><\/span><span class='evo_end only_time'><em class='time'>21:15<\/em><\/span><\/span><\/span><span class='evoet_c3 evoet_cx evcal_desc hide_eventtopdata '><span class='evoet_title evcal_desc2 evcal_event_title' itemprop='name'>PSICOTERAPIA DI GRUPPO 1 (DEL LUNEDI')<\/span><span class='event_location_attrs'  data-location_address=\"corso mazzini 37 - piano I Correggio Re\" data-location_type=\"address\" data-location_name=\"psises centro sala gruppo\" data-location_url=\"https:\/\/www.psises.it\/?event_location=psises-centro-sala-gruppo\" data-location_status=\"true\"><\/span><span class='evoet_subtitle evo_below_title'><span class='evcal_event_subtitle' >psicoterapia<\/span><\/span><\/span><span class='evoet_data' data-d=\"{&quot;loc.n&quot;:&quot;psises centro sala gruppo&quot;,&quot;orgs&quot;:[]}\" ><\/span><\/a><\/p><div class='event_description evcal_eventcard ' style=\"display:none\"><div class='evocard_row'><div id='event_eventdetails' class='evocard_box eventdetails' data-c='' \n\t\t\t\t\tstyle=''><div class='evo_metarow_details evorow evcal_evdata_row evcal_event_details'>\n\t\t\t\t\t\t\t\t<div class=\"event_excerpt\" style=\"display:none\"><h3 class=\"padb5 evo_h3\">Dettagli<\/h3><p>Questo gruppo si tiene a cadenza quindicinale il luned\u00ec\u00a0alle 20,00. Conduttori Dott. Pasquale Tarantini e Dott.ssa Daniela De Vito.\nPer poter partecipare alla psicoterapia di gruppo \u00e8 necessario avere una psicoterapia<\/p><\/div><span class='evcal_evdata_icons'><i class='fa fa-align-justify'><\/i><\/span>\n\t\t\t\t\t\t\t\t\n\t\t\t\t\t\t\t\t<div class='evcal_evdata_cell '>\n\t\t\t\t\t\t\t\t\t<div class='eventon_full_description'>\n\t\t\t\t\t\t\t\t\t\t<h3 class='padb5 evo_h3'><span class='evcal_evdata_icons'><i class='fa fa-align-justify'><\/i><\/span>Dettagli<\/h3>\n\t\t\t\t\t\t\t\t\t\t<div class='eventon_desc_in' itemprop='description'>\n\t\t\t\t\t\t\t\t\t\t<p>Questo gruppo si tiene a cadenza quindicinale il luned\u00ec\u00a0alle 20,00. Conduttori Dott. Pasquale Tarantini e Dott.ssa Daniela De Vito.<\/p>\n<p>Per poter partecipare alla psicoterapia di gruppo \u00e8 necessario avere una psicoterapia individuale in corso o aver terminato in percorso di psicoterapia individuale e avere iniziato un percorso di sedute di controllo.<\/p>\n<p>Per informazioni dott. Pasquale Tarantini info@psises.it .<\/p>\n<p>Conduciamo gruppi in linea con l&#8217;approccio sistemico relazionale e possiamo affermare che questo tipo di esperienza diviene una marcia in pi\u00f9 nell&#8217;attivazione (a volte ri-attivazione) delle capacit\u00e0 relazionali del partecipante, completamento di un percorso di crescita psichica individuale.<\/p>\n<\/div><div class='clear'><\/div>\n\t\t\t\t\t\t\t\t\t<\/div>\n\t\t\t\t\t\t\t\t<\/div>\n\t\t\t\t\t\t\t<\/div><\/div><\/div><div class='evocard_row bx2 bx'><div id='event_time' class='evocard_box time' data-c='' \n\t\t\t\t\tstyle=''><div class='evo_metarow_time evorow evcal_evdata_row evcal_evrow_sm '>\n\t\t\t\t\t\t\t\t<span class='evcal_evdata_icons'><i class='fa fa-clock-o'><\/i><\/span>\n\t\t\t\t\t\t\t\t<div class='evcal_evdata_cell'>\t\t\t\t\t\t\t\n\t\t\t\t\t\t\t\t\t<h3 class='evo_h3'><span class='evcal_evdata_icons'><i class='fa fa-clock-o'><\/i><\/span>Orario<\/h3><p><span class='evo_eventcard_time_t'>(Luned\u00ec) 20:00 - 21:15<\/span><\/p>\n\t\t\t\t\t\t\t\t<\/div>\n\t\t\t\t\t\t\t<\/div><\/div><div id='event_location' class='evocard_box location' data-c='' \n\t\t\t\t\tstyle=''><div class='evcal_evdata_row evo_metarow_time_location evorow '>\n\t\t\t\t\t\t\t\t\n\t\t\t\t\t\t\t\t\t<span class='evcal_evdata_icons'><i class='fa fa-map-marker'><\/i><\/span>\n\t\t\t\t\t\t\t\t\t<div class='evcal_evdata_cell' data-loc_tax_id='667'><h3 class='evo_h3'><span class='evcal_evdata_icons'><i class='fa fa-map-marker'><\/i><\/span>Luogo<\/h3><p class='evo_location_name'>psises centro sala gruppo<\/p><p class='evo_location_address'>corso mazzini 37 - piano I Correggio Re<\/p><\/div>\n\t\t\t\t\t\t\t\t\n\t\t\t\t\t\t\t<\/div><\/div><\/div><div class='evocard_row'><div id='event_addtocal' class='evocard_box addtocal' data-c='' \n\t\t\t\t\tstyle=''><div class='evo_metarow_ICS evorow evcal_evdata_row'>\n\t\t\t\t\t\t\t\t\t<span class='evcal_evdata_icons'><i class='fa fa-calendar'><\/i><\/span>\n\t\t\t\t\t\t\t\t\t<div class='evcal_evdata_cell'>\n\t\t\t\t\t\t\t\t\t\t<p><a href='https:\/\/www.psises.it\/wp-admin\/admin-ajax.php?action=eventon_ics_download&event_id=3549&ri=0&nonce=4cf7ae4770' class='evo_ics_nCal' title='Add to your calendar'>Calendario<\/a><a href='\/\/www.google.com\/calendar\/event?action=TEMPLATE&amp;text=PSICOTERAPIA+DI+GRUPPO+1+%28DEL+LUNEDI%27%29&amp;dates=20260525T180000Z\/20260525T191500Z&amp;ctz=Europe\/Rome&amp;details=PSICOTERAPIA+DI+GRUPPO+1+%28DEL+LUNEDI%27%29&amp;location=psises+centro+sala+gruppocorso+mazzini+37+-+piano+I+Correggio+Re' target='_blank' class='evo_ics_gCal' title='Add to google calendar'>Google Cal<\/a><\/p>\t\n\t\t\t\t\t\t\t\t\t<\/div>\n\t\t\t\t\t\t\t\t<\/div><\/div><\/div><div class='evo_card_row_end evcal_close' title='Chiudi Evento'><\/div><\/div><div class='clear end'><\/div><\/div><div id=\"event_4141_2\" class=\"eventon_list_event evo_eventtop scheduled  event event_4141_2\" data-event_id=\"4141\" data-ri=\"2r\" data-time=\"1779825600-1779830100\" data-colr=\"#1d743d\" itemscope itemtype='http:\/\/schema.org\/Event'><div class=\"evo_event_schema\" style=\"display:none\" ><a itemprop='url'  href='https:\/\/www.psises.it\/?ajde_events=psicoterapia-di-gruppo-3&var=ri-2.l-L1'><\/a><meta itemprop='image'  \/><meta itemprop='startDate' content=\"2026-5-26T20:00+2:00\" \/><meta itemprop='endDate' content=\"2026-5-26T21:15+2:00\" \/><meta itemprop='eventStatus' content=\"https:\/\/schema.org\/EventScheduled\" \/><item style=\"display:none\" itemprop=\"location\" itemscope itemtype=\"http:\/\/schema.org\/Place\"><span itemprop=\"name\">psises centro sala gruppo<\/span><span itemprop=\"address\" itemscope itemtype=\"http:\/\/schema.org\/PostalAddress\"><item itemprop=\"streetAddress\">corso mazzini 37 - piano I Correggio Re<\/item><\/span><\/item><item style=\"display:none\" itemprop=\"eventAttendanceMode\" itemscope itemtype=\"https:\/\/schema.org\/MixedEventAttendanceMode\"><\/item><script type=\"application\/ld+json\">{\"@context\": \"http:\/\/schema.org\",\"@type\": \"Event\",\n\t\t\t\t\"@id\": \"event_4141_2\",\n\t\t\t\t\"eventAttendanceMode\":\"https:\/\/schema.org\/MixedEventAttendanceMode\",\n\t\t\t\t\"eventStatus\":\"https:\/\/schema.org\/EventScheduled\",\n\t\t\t\t\"name\": \"PSICOTERAPIA DI GRUPPO 3\",\n\t\t\t\t\"url\": \"https:\/\/www.psises.it\/?ajde_events=psicoterapia-di-gruppo-3&var=ri-2.l-L1\",\n\t\t\t\t\"startDate\": \"2026-5-26T20:00+2:00\",\n\t\t\t\t\"endDate\": \"2026-5-26T21:15+2:00\",\n\t\t\t\t\"image\":\"\", \n\t\t\t\t\"description\":\"<p><!-- wp:pattern {'slug':'ajde_events\/blocks'} \/--><\/p> <p><!-- wp:tadv\/classic-paragraph --><\/p> <p><strong>Questo nuovo gruppo<\/strong> si tiene a cadenza quindicinale il marted\u00ec&nbsp;alle 20,00. <strong>Conduttori Dott. Pasquale Tarantini e Dott.ssa Daniela De Vito.<\/strong><\/p> <p>Per poter partecipare alla psicoterapia di gruppo \u00e8 necessario avere una psicoterapia individuale in corso o aver terminato in percorso di psicoterapia individuale&nbsp;e&nbsp;avere iniziato&nbsp;un percorso&nbsp;di sedute di controllo.<\/p> <p>Per informazioni dott. Pasquale Tarantini info@psises.it .<\/p> <p><em>Conduciamo gruppi in linea con l&#8217;approccio sistemico relazionale e possiamo affermare che questo tipo di esperienza diviene una marcia in pi\u00f9 nell&#8217;attivazione (a volte ri-attivazione) delle capacit\u00e0 relazionali del partecipante, completamento di un percorso di crescita psichica individuale.<\/em><\/p> <p><!-- \/wp:tadv\/classic-paragraph --><\/p> \",\"location\":[{\"@type\":\"Place\",\"name\":\"psises centro sala gruppo\",\"address\":{\"@type\": \"PostalAddress\",\"streetAddress\":\"corso mazzini 37 - piano I Correggio Re\"}}]}<\/script><\/div>\r\n\t\t\t\t<p class=\"desc_trig_outter\" style=\"\"><a data-gmtrig=\"1\" data-exlk=\"0\" style=\"background-color: #1d743d;\" id=\"evc_17798256004141\" class=\"event_repeat desc_trig sin_val evcal_list_a\" data-ux_val=\"1\" data-ux_val_mob=\"-\"  ><span class='evoet_c2 evoet_cx '><span class='evoet_dayblock evcal_cblock ' data-bgcolor='#1d743d' data-smon='maggio' data-syr='2026' data-bub=''><span class='evo_start '><em class='date'>26<\/em><em class='month'>mag<\/em><em class='time'>20:00<\/em><\/span><span class='evo_end only_time'><em class='time'>21:15<\/em><\/span><\/span><\/span><span class='evoet_c3 evoet_cx evcal_desc hide_eventtopdata '><span class='evoet_title evcal_desc2 evcal_event_title' itemprop='name'>PSICOTERAPIA DI GRUPPO 3<\/span><span class='event_location_attrs'  data-location_address=\"corso mazzini 37 - piano I Correggio Re\" data-location_type=\"address\" data-location_name=\"psises centro sala gruppo\" data-location_url=\"https:\/\/www.psises.it\/?event_location=psises-centro-sala-gruppo\" data-location_status=\"true\"><\/span><span class='evoet_subtitle evo_below_title'><span class='evcal_event_subtitle' >NUOVO GRUPPO DI PSICOTERAPIA DI GRUPPO: PRESENTAZIONE E PRIMO INCONTRO<\/span><\/span><\/span><span class='evoet_data' data-d=\"{&quot;loc.n&quot;:&quot;psises centro sala gruppo&quot;,&quot;orgs&quot;:[]}\" ><\/span><\/a><\/p><div class='event_description evcal_eventcard ' style=\"display:none\"><div class='evocard_row'><div id='event_eventdetails' class='evocard_box eventdetails' data-c='' \n\t\t\t\t\tstyle=''><div class='evo_metarow_details evorow evcal_evdata_row evcal_event_details'>\n\t\t\t\t\t\t\t\t<div class=\"event_excerpt\" style=\"display:none\"><h3 class=\"padb5 evo_h3\">Dettagli<\/h3><p>\n\nQuesto nuovo gruppo si tiene a cadenza quindicinale il marted\u00ec&nbsp;alle 20,00. Conduttori Dott. Pasquale Tarantini e Dott.ssa Daniela De Vito.\nPer poter partecipare alla psicoterapia di<\/p><\/div><span class='evcal_evdata_icons'><i class='fa fa-align-justify'><\/i><\/span>\n\t\t\t\t\t\t\t\t\n\t\t\t\t\t\t\t\t<div class='evcal_evdata_cell '>\n\t\t\t\t\t\t\t\t\t<div class='eventon_full_description'>\n\t\t\t\t\t\t\t\t\t\t<h3 class='padb5 evo_h3'><span class='evcal_evdata_icons'><i class='fa fa-align-justify'><\/i><\/span>Dettagli<\/h3>\n\t\t\t\t\t\t\t\t\t\t<div class='eventon_desc_in' itemprop='description'>\n\t\t\t\t\t\t\t\t\t\t<p><!-- wp:pattern {\"slug\":\"ajde_events\/blocks\"} \/--><\/p>\n<p><!-- wp:tadv\/classic-paragraph --><\/p>\n<p><strong>Questo nuovo gruppo<\/strong> si tiene a cadenza quindicinale il marted\u00ec&nbsp;alle 20,00. <strong>Conduttori Dott. Pasquale Tarantini e Dott.ssa Daniela De Vito.<\/strong><\/p>\n<p>Per poter partecipare alla psicoterapia di gruppo \u00e8 necessario avere una psicoterapia individuale in corso o aver terminato in percorso di psicoterapia individuale&nbsp;e&nbsp;avere iniziato&nbsp;un percorso&nbsp;di sedute di controllo.<\/p>\n<p>Per informazioni dott. Pasquale Tarantini info@psises.it .<\/p>\n<p><em>Conduciamo gruppi in linea con l&#8217;approccio sistemico relazionale e possiamo affermare che questo tipo di esperienza diviene una marcia in pi\u00f9 nell&#8217;attivazione (a volte ri-attivazione) delle capacit\u00e0 relazionali del partecipante, completamento di un percorso di crescita psichica individuale.<\/em><\/p>\n<p><!-- \/wp:tadv\/classic-paragraph --><\/p>\n<\/div><div class='clear'><\/div>\n\t\t\t\t\t\t\t\t\t<\/div>\n\t\t\t\t\t\t\t\t<\/div>\n\t\t\t\t\t\t\t<\/div><\/div><\/div><div class='evocard_row bx2 bx'><div id='event_time' class='evocard_box time' data-c='' \n\t\t\t\t\tstyle=''><div class='evo_metarow_time evorow evcal_evdata_row evcal_evrow_sm '>\n\t\t\t\t\t\t\t\t<span class='evcal_evdata_icons'><i class='fa fa-clock-o'><\/i><\/span>\n\t\t\t\t\t\t\t\t<div class='evcal_evdata_cell'>\t\t\t\t\t\t\t\n\t\t\t\t\t\t\t\t\t<h3 class='evo_h3'><span class='evcal_evdata_icons'><i class='fa fa-clock-o'><\/i><\/span>Orario<\/h3><p><span class='evo_eventcard_time_t'>(Marted\u00ec) 20:00 - 21:15<\/span><\/p>\n\t\t\t\t\t\t\t\t<\/div>\n\t\t\t\t\t\t\t<\/div><\/div><div id='event_location' class='evocard_box location' data-c='' \n\t\t\t\t\tstyle=''><div class='evcal_evdata_row evo_metarow_time_location evorow '>\n\t\t\t\t\t\t\t\t\n\t\t\t\t\t\t\t\t\t<span class='evcal_evdata_icons'><i class='fa fa-map-marker'><\/i><\/span>\n\t\t\t\t\t\t\t\t\t<div class='evcal_evdata_cell' data-loc_tax_id='667'><h3 class='evo_h3'><span class='evcal_evdata_icons'><i class='fa fa-map-marker'><\/i><\/span>Luogo<\/h3><p class='evo_location_name'>psises centro sala gruppo<\/p><p class='evo_location_address'>corso mazzini 37 - piano I Correggio Re<\/p><\/div>\n\t\t\t\t\t\t\t\t\n\t\t\t\t\t\t\t<\/div><\/div><\/div><div class='evocard_row'><div id='event_gmap' class='evocard_box gmap' data-c='' \n\t\t\t\t\tstyle=''><div class='evcal_evdata_row evo_metarow_gmap evorow evcal_gmaps evc177982560069f0dc5f4b0974141_gmap' id='evc177982560069f0dc5f4b0974141_gmap' style='max-width:none'><\/div><\/div><\/div><div class='evocard_row'><div id='event_addtocal' class='evocard_box addtocal' data-c='' \n\t\t\t\t\tstyle=''><div class='evo_metarow_ICS evorow evcal_evdata_row'>\n\t\t\t\t\t\t\t\t\t<span class='evcal_evdata_icons'><i class='fa fa-calendar'><\/i><\/span>\n\t\t\t\t\t\t\t\t\t<div class='evcal_evdata_cell'>\n\t\t\t\t\t\t\t\t\t\t<p><a href='https:\/\/www.psises.it\/wp-admin\/admin-ajax.php?action=eventon_ics_download&event_id=4141&ri=2&nonce=4cf7ae4770' class='evo_ics_nCal' title='Add to your calendar'>Calendario<\/a><a href='\/\/www.google.com\/calendar\/event?action=TEMPLATE&amp;text=PSICOTERAPIA+DI+GRUPPO+3&amp;dates=20260526T180000Z\/20260526T191500Z&amp;ctz=Europe\/Rome&amp;details=PSICOTERAPIA+DI+GRUPPO+3&amp;location=psises+centro+sala+gruppocorso+mazzini+37+-+piano+I+Correggio+Re' target='_blank' class='evo_ics_gCal' title='Add to google calendar'>Google Cal<\/a><\/p>\t\n\t\t\t\t\t\t\t\t\t<\/div>\n\t\t\t\t\t\t\t\t<\/div><\/div><\/div><div class='evo_card_row_end evcal_close' title='Chiudi Evento'><\/div><\/div><div class='clear end'><\/div><\/div><div class=\"evoShow_more_events\" style=\"\"><span>mostra di pi\u00f9<\/span><\/div><\/div>\t\t\t<div class='clear'><\/div>\r\n\t\t\t<\/div>\r\n\t\t\t<div class='clear'><\/div>\r\n\t\t\t\t\t \t<div id='evcal_footer' class='evo_bottom' style='display:none'>\r\n\t\t \t\t<div class='evo_cal_data'  data-sc='{\"accord\":\"no\",\"bottom_nav\":\"no\",\"cal_id\":\"terapie1\",\"cal_init_nonajax\":\"no\",\"calendar_type\":\"list\",\"ep_fields\":\"\",\"etc_override\":\"no\",\"evc_open\":\"no\",\"event_count\":0,\"event_location\":\"all\",\"event_order\":\"ASC\",\"event_organizer\":\"all\",\"event_parts\":\"no\",\"event_past_future\":\"future\",\"event_status\":\"all\",\"event_tag\":\"all\",\"event_type\":\"660\",\"event_type_2\":\"all\",\"event_type_3\":\"all\",\"event_type_4\":\"all\",\"event_type_5\":\"all\",\"event_virtual\":\"all\",\"eventtop_date_style\":0,\"eventtop_style\":\"2\",\"exp_jumper\":\"no\",\"exp_so\":\"no\",\"filter_relationship\":\"AND\",\"filter_show_set_only\":\"no\",\"filter_type\":\"default\",\"filters\":\"yes\",\"fixed_month\":\"4\",\"fixed_year\":\"2026\",\"focus_end_date_range\":\"1780271999\",\"focus_start_date_range\":\"1775001600\",\"ft_event_priority\":\"no\",\"hide_arrows\":\"no\",\"hide_cancels\":\"no\",\"hide_empty_months\":\"no\",\"hide_end_time\":\"no\",\"hide_et_dn\":\"no\",\"hide_et_extra\":\"no\",\"hide_et_tags\":\"no\",\"hide_et_tl\":\"no\",\"hide_ft\":\"no\",\"hide_ft_img\":\"no\",\"hide_month_headers\":\"no\",\"hide_mult_occur\":\"no\",\"hide_past\":\"yes\",\"hide_past_by\":\"ee\",\"hide_so\":\"yes\",\"ics\":\"no\",\"jumper\":\"no\",\"jumper_count\":5,\"jumper_offset\":\"0\",\"lang\":\"L1\",\"layout_changer\":\"no\",\"livenow_bar\":\"yes\",\"mapformat\":\"roadmap\",\"mapiconurl\":\"\",\"maps_load\":\"yes\",\"mapscroll\":\"true\",\"mapzoom\":\"18\",\"members_only\":\"no\",\"ml_priority\":\"no\",\"month_incre\":0,\"number_of_months\":\"2\",\"only_ft\":\"no\",\"pec\":\"\",\"s\":\"\",\"search\":\"\",\"search_all\":\"no\",\"sep_month\":\"yes\",\"show_et_ft_img\":\"no\",\"show_limit\":\"yes\",\"show_limit_ajax\":\"no\",\"show_limit_paged\":1,\"show_limit_redir\":\"\",\"show_repeats\":\"no\",\"show_upcoming\":0,\"show_year\":\"no\",\"social_share\":\"no\",\"sort_by\":\"sort_date\",\"tile_bg\":0,\"tile_bg_size\":\"full\",\"tile_count\":2,\"tile_height\":0,\"tile_style\":0,\"tiles\":\"no\",\"ux_val\":\"0\",\"view_switcher\":\"no\",\"wpml_l1\":\"\",\"wpml_l2\":\"\",\"wpml_l3\":\"\",\"yl_priority\":\"no\",\"fixed_day\":\"28\",\"_cver\":\"4.4.4\"}' data-od='{\"lang_no_events\":\"... in programmazione\"}'><\/div>\r\n\t\t \t\t<div class='evo_cal_events' data-events=\"\"><\/div>\r\n\t\t \t<\/div>\r\n\t\t\t\t\r\n\t\t\t\r\n\t\t\t\t\t\t<\/div><!-- EventON End -->\r\n\t\t\t\n<\/div><\/div><\/div><div class=\"fusion-clearfix\"><\/div><\/div><\/div><div  class=\"fusion-layout-column fusion_builder_column fusion_builder_column_1_2 fusion-builder-column-10 fusion-one-half fusion-column-last box-calendario-home 1_2\"  style='margin-top:0px;margin-bottom:20px;width:48%'><div class=\"fusion-column-wrapper\" style=\"padding: 0px 0px 0px 0px;background-position:left top;background-repeat:no-repeat;-webkit-background-size:cover;-moz-background-size:cover;-o-background-size:cover;background-size:cover;\"   data-bg-url=\"\"><div class=\"fusion-column-content-centered\"><div class=\"fusion-column-content\"><style type=\"text\/css\">@media only screen and (max-width:950px) {.fusion-title.fusion-title-3{margin-top:10px!important;margin-bottom:10px!important;}}<\/style><div class=\"fusion-title title fusion-title-3 fusion-title-text fusion-title-size-two\" style=\"margin-top:10px;margin-bottom:15px;\"><h2 class=\"title-heading-left\" style=\"margin:0;\">I Nostri Eventi<\/h2><div class=\"title-sep-container\"><div class=\"title-sep sep-double sep-solid\" style=\"border-color:#e0dede;\"><\/div><\/div><\/div><div class=\"fusion-text\"><!-- EventON Calendar --><div id='evcal_calendar_terapie2' class='list_cal ajde_evcal_calendar sev cev color esty_2 ul ' ><div id='evcal_head' class='calendar_header ' ><div class='evo_cal_above'><span class='evo-gototoday-btn' style='display:none' data-mo='4' data-yr='2026' data-dy=''>Mese In Corso<\/span><\/div><div class='evo_cal_above_content'><\/div><\/div><div id='eventon_loadbar_section'><div id='eventon_loadbar'><\/div><\/div><!-- Events List --><div id='evcal_list' \r\n\t\t\t\t\tclass='eventon_events_list sep_months evcal_list_month'><div class='evcal_month_line' data-d='eml_4_2026'><p>aprile<\/p><\/div><div class='sep_month_events no_event' data-d='eml_4_2026'><div class='eventon_list_event no_events'><p class='no_events' >... in programmazione<\/p><\/div><\/div><div class='evcal_month_line' data-d='eml_5_2026'><p>maggio<\/p><\/div><div class='sep_month_events no_event' data-d='eml_5_2026'><div class='eventon_list_event no_events'><p class='no_events' >... in programmazione<\/p><\/div><\/div>\t\t\t<div class='clear'><\/div>\r\n\t\t\t<\/div>\r\n\t\t\t<div class='clear'><\/div>\r\n\t\t\t\t\t \t<div id='evcal_footer' class='evo_bottom' style='display:none'>\r\n\t\t \t\t<div class='evo_cal_data'  data-sc='{\"accord\":\"no\",\"bottom_nav\":\"no\",\"cal_id\":\"terapie2\",\"cal_init_nonajax\":\"no\",\"calendar_type\":\"list\",\"ep_fields\":\"\",\"etc_override\":\"no\",\"evc_open\":\"no\",\"event_count\":0,\"event_location\":\"all\",\"event_order\":\"ASC\",\"event_organizer\":\"all\",\"event_parts\":\"no\",\"event_past_future\":\"future\",\"event_status\":\"all\",\"event_tag\":\"all\",\"event_type\":\"661\",\"event_type_2\":\"all\",\"event_type_3\":\"all\",\"event_type_4\":\"all\",\"event_type_5\":\"all\",\"event_virtual\":\"all\",\"eventtop_date_style\":0,\"eventtop_style\":\"2\",\"exp_jumper\":\"no\",\"exp_so\":\"no\",\"filter_relationship\":\"AND\",\"filter_show_set_only\":\"no\",\"filter_type\":\"default\",\"filters\":\"yes\",\"fixed_month\":\"4\",\"fixed_year\":\"2026\",\"focus_end_date_range\":\"1780271999\",\"focus_start_date_range\":\"1775001600\",\"ft_event_priority\":\"no\",\"hide_arrows\":\"no\",\"hide_cancels\":\"no\",\"hide_empty_months\":\"no\",\"hide_end_time\":\"no\",\"hide_et_dn\":\"no\",\"hide_et_extra\":\"no\",\"hide_et_tags\":\"no\",\"hide_et_tl\":\"no\",\"hide_ft\":\"no\",\"hide_ft_img\":\"no\",\"hide_month_headers\":\"no\",\"hide_mult_occur\":\"no\",\"hide_past\":\"yes\",\"hide_past_by\":\"ee\",\"hide_so\":\"yes\",\"ics\":\"no\",\"jumper\":\"no\",\"jumper_count\":5,\"jumper_offset\":\"0\",\"lang\":\"L1\",\"layout_changer\":\"no\",\"livenow_bar\":\"yes\",\"mapformat\":\"roadmap\",\"mapiconurl\":\"\",\"maps_load\":\"yes\",\"mapscroll\":\"true\",\"mapzoom\":\"18\",\"members_only\":\"no\",\"ml_priority\":\"no\",\"month_incre\":0,\"number_of_months\":\"2\",\"only_ft\":\"no\",\"pec\":\"\",\"s\":\"\",\"search\":\"\",\"search_all\":\"no\",\"sep_month\":\"yes\",\"show_et_ft_img\":\"no\",\"show_limit\":\"yes\",\"show_limit_ajax\":\"no\",\"show_limit_paged\":1,\"show_limit_redir\":\"\",\"show_repeats\":\"no\",\"show_upcoming\":0,\"show_year\":\"no\",\"social_share\":\"no\",\"sort_by\":\"sort_date\",\"tile_bg\":0,\"tile_bg_size\":\"full\",\"tile_count\":2,\"tile_height\":0,\"tile_style\":0,\"tiles\":\"no\",\"ux_val\":\"0\",\"view_switcher\":\"no\",\"wpml_l1\":\"\",\"wpml_l2\":\"\",\"wpml_l3\":\"\",\"yl_priority\":\"no\",\"fixed_day\":\"28\",\"_cver\":\"4.4.4\"}' data-od='{\"lang_no_events\":\"... in programmazione\"}'><\/div>\r\n\t\t \t\t<div class='evo_cal_events' data-events=\"\"><\/div>\r\n\t\t \t<\/div>\r\n\t\t\t\t\r\n\t\t\t\r\n\t\t\t\t\t\t<\/div><!-- EventON End -->\r\n\t\t\t\n<\/div><\/div><\/div><div class=\"fusion-clearfix\"><\/div><\/div><\/div><div  class=\"fusion-layout-column fusion_builder_column fusion_builder_column_1_1 fusion-builder-column-11 fusion-one-full fusion-column-first fusion-column-last fusion-column-no-min-height 1_1\"  style='margin-top:0px;margin-bottom:0px;width:100%'><div class=\"fusion-column-wrapper\" style=\"padding: 0px 0px 0px 0px;background-position:left top;background-repeat:no-repeat;-webkit-background-size:cover;-moz-background-size:cover;-o-background-size:cover;background-size:cover;\"   data-bg-url=\"\"><div class=\"fusion-sep-clear\"><\/div><div class=\"fusion-separator fusion-full-width-sep sep-none\" style=\"margin-left: auto;margin-right: auto;margin-top:25px;margin-bottom:25px;\"><\/div><div class=\"fusion-clearfix\"><\/div><\/div><\/div><div  class=\"fusion-layout-column fusion_builder_column fusion_builder_column_1_1 fusion-builder-column-12 fusion-one-full fusion-column-first fusion-column-last 1_1\"  style='margin-top:0px;margin-bottom:20px;width:100%'><div class=\"fusion-column-wrapper\" style=\"padding: 0px 0px 0px 0px;background-position:left top;background-repeat:no-repeat;-webkit-background-size:cover;-moz-background-size:cover;-o-background-size:cover;background-size:cover;\"   data-bg-url=\"\"><style type=\"text\/css\">@media only screen and (max-width:950px) {.fusion-title.fusion-title-4{margin-top:10px!important;margin-bottom:10px!important;}}<\/style><div class=\"fusion-title title fusion-title-4 fusion-title-center fusion-title-text fusion-title-size-two\" style=\"margin-top:10px;margin-bottom:15px;\"><div class=\"title-sep-container title-sep-container-left\"><div class=\"title-sep sep-double sep-solid\" style=\"border-color:#e0dede;\"><\/div><\/div><h2 class=\"title-heading-center\" style=\"margin:0;\">Ultimi Articoli Pubblicati<\/h2><div class=\"title-sep-container title-sep-container-right\"><div class=\"title-sep sep-double sep-solid\" style=\"border-color:#e0dede;\"><\/div><\/div><\/div><div class=\"fusion-recent-posts fusion-recent-posts-1 avada-container layout-default layout-columns-3\"><section class=\"fusion-columns columns fusion-columns-3 columns-3\"><article class=\"post fusion-column column col col-lg-4 col-md-4 col-sm-4\"><div class=\"recent-posts-content\"><span class=\"vcard\" style=\"display: none;\"><span class=\"fn\"><a href=\"https:\/\/www.psises.it\/?author=2\" title=\"Articoli scritti da Pasquale Tarantini\" rel=\"author\">Pasquale Tarantini<\/a><\/span><\/span><span class=\"updated\" style=\"display:none;\">2026-04-26T16:18:43+02:00<\/span><h4 class=\"entry-title\"><a href=\"https:\/\/www.psises.it\/?p=4279\">L\u2019illusione dell\u2019onnipotenza: quando il potere perde il senso del limite<\/a><\/h4><p class=\"meta\"><span class=\"vcard\" style=\"display: none;\"><span class=\"fn\"><a href=\"https:\/\/www.psises.it\/?author=2\" title=\"Articoli scritti da Pasquale Tarantini\" rel=\"author\">Pasquale Tarantini<\/a><\/span><\/span><span class=\"updated\" style=\"display:none;\">2026-04-26T16:18:43+02:00<\/span><span>Aprile 26th, 2026<\/span><span class=\"fusion-inline-sep\">|<\/span><span class=\"fusion-comments\"><a href=\"https:\/\/www.psises.it\/?p=4279#respond\">0 Commenti<\/a><\/span><\/p><p>Ci sono momenti della storia in cui sembra che l\u2019essere umano dimentichi qualcosa di molto semplice: il [...]<\/p><\/div><\/article><article class=\"post fusion-column column col col-lg-4 col-md-4 col-sm-4\"><div class=\"recent-posts-content\"><span class=\"vcard\" style=\"display: none;\"><span class=\"fn\"><a href=\"https:\/\/www.psises.it\/?author=2\" title=\"Articoli scritti da Pasquale Tarantini\" rel=\"author\">Pasquale Tarantini<\/a><\/span><\/span><span class=\"updated\" style=\"display:none;\">2026-04-25T20:16:25+02:00<\/span><h4 class=\"entry-title\"><a href=\"https:\/\/www.psises.it\/?p=4267\">Creativit\u00e0 e rischio: abitare il confine senza moralismi<\/a><\/h4><p class=\"meta\"><span class=\"vcard\" style=\"display: none;\"><span class=\"fn\"><a href=\"https:\/\/www.psises.it\/?author=2\" title=\"Articoli scritti da Pasquale Tarantini\" rel=\"author\">Pasquale Tarantini<\/a><\/span><\/span><span class=\"updated\" style=\"display:none;\">2026-04-25T20:16:25+02:00<\/span><span>Aprile 25th, 2026<\/span><span class=\"fusion-inline-sep\">|<\/span><span class=\"fusion-comments\"><a href=\"https:\/\/www.psises.it\/?p=4267#respond\">0 Commenti<\/a><\/span><\/p><p>C\u2019\u00e8 un\u2019immagine che ritorna spesso quando si parla di arte: quella dell\u2019artista che vive sul bordo. Non [...]<\/p><\/div><\/article><article class=\"post fusion-column column col col-lg-4 col-md-4 col-sm-4\"><div class=\"recent-posts-content\"><span class=\"vcard\" style=\"display: none;\"><span class=\"fn\"><a href=\"https:\/\/www.psises.it\/?author=2\" title=\"Articoli scritti da Pasquale Tarantini\" rel=\"author\">Pasquale Tarantini<\/a><\/span><\/span><span class=\"updated\" style=\"display:none;\">2026-04-25T17:02:20+02:00<\/span><h4 class=\"entry-title\"><a href=\"https:\/\/www.psises.it\/?p=4264\">\u201cDove nasce la violenza: legami fragili e menti sotto pressione\u201d<\/a><\/h4><p class=\"meta\"><span class=\"vcard\" style=\"display: none;\"><span class=\"fn\"><a href=\"https:\/\/www.psises.it\/?author=2\" title=\"Articoli scritti da Pasquale Tarantini\" rel=\"author\">Pasquale Tarantini<\/a><\/span><\/span><span class=\"updated\" style=\"display:none;\">2026-04-25T17:02:20+02:00<\/span><span>Aprile 25th, 2026<\/span><span class=\"fusion-inline-sep\">|<\/span><span class=\"fusion-comments\"><a href=\"https:\/\/www.psises.it\/?p=4264#respond\">0 Commenti<\/a><\/span><\/p><p>La violenza dei nostri tempi: cosa sta succedendo? Negli ultimi mesi ci troviamo sempre pi\u00f9 spesso davanti [...]<\/p><\/div><\/article><\/section><\/div><div class=\"fusion-clearfix\"><\/div><\/div><\/div><div  class=\"fusion-layout-column fusion_builder_column fusion_builder_column_1_1 fusion-builder-column-13 fusion-one-full fusion-column-first fusion-column-last 1_1\"  style='margin-top:0px;margin-bottom:20px;width:100%'><div class=\"fusion-column-wrapper\" style=\"padding: 0px 0px 0px 0px;background-position:left top;background-repeat:no-repeat;-webkit-background-size:cover;-moz-background-size:cover;-o-background-size:cover;background-size:cover;\"   data-bg-url=\"\"><div class=\"fusion-column-content-centered\"><div class=\"fusion-column-content\"><div class=\"imageframe-align-center\"><span class=\"fusion-imageframe imageframe-none imageframe-5 hover-type-none\"><a class=\"fusion-no-lightbox\" href=\"http:\/\/www.youcanprint.it\/autori\/13299\/pasquale-tarantini.html#.Vpj7djZB87R\" target=\"_blank\" rel=\"noopener noreferrer\"><img decoding=\"async\" src=\"http:\/\/www.psises.it\/wp-content\/uploads\/2016\/01\/acquista-libri-2016.jpg\"   alt=\"Acquista il libro\" class=\"img-responsive\"\/><\/a><\/span><\/div><\/div><\/div><div class=\"fusion-clearfix\"><\/div><\/div><\/div><\/div><\/div><\/p>\n","protected":false},"excerpt":{"rendered":"<h2 data-section-id=\"eeav0z\" data-start=\"443\" data-end=\"508\"><span role=\"text\"><strong data-start=\"446\" data-end=\"508\"><a href=\"https:\/\/www.psises.it\/wp-content\/uploads\/2026\/04\/dYugcsBgjat-qoVYOtI4Qoz2rHVTGSqm_wa3Rc1JUUkcbvA2vpeodo1oBcoip3cZEmHlZqmYgvHNk_8aGk5ae-q1aWR0LfZD1PYuleMAv8wMKAfi1wDf0tkQTuVK8s8owj0vWlocJpF7ZC0YkloxXqQQx9BfcxOmM1qEonXgHqWlgTGy92TUN6Wbumc16hx0.jpeg\"><img loading=\"lazy\" decoding=\"async\" class=\"alignleft size-medium wp-image-4265\" src=\"https:\/\/www.psises.it\/wp-content\/uploads\/2026\/04\/dYugcsBgjat-qoVYOtI4Qoz2rHVTGSqm_wa3Rc1JUUkcbvA2vpeodo1oBcoip3cZEmHlZqmYgvHNk_8aGk5ae-q1aWR0LfZD1PYuleMAv8wMKAfi1wDf0tkQTuVK8s8owj0vWlocJpF7ZC0YkloxXqQQx9BfcxOmM1qEonXgHqWlgTGy92TUN6Wbumc16hx0-300x200.jpeg\" alt=\"\" width=\"300\" height=\"200\" srcset=\"https:\/\/www.psises.it\/wp-content\/uploads\/2026\/04\/dYugcsBgjat-qoVYOtI4Qoz2rHVTGSqm_wa3Rc1JUUkcbvA2vpeodo1oBcoip3cZEmHlZqmYgvHNk_8aGk5ae-q1aWR0LfZD1PYuleMAv8wMKAfi1wDf0tkQTuVK8s8owj0vWlocJpF7ZC0YkloxXqQQx9BfcxOmM1qEonXgHqWlgTGy92TUN6Wbumc16hx0-200x133.jpeg 200w, https:\/\/www.psises.it\/wp-content\/uploads\/2026\/04\/dYugcsBgjat-qoVYOtI4Qoz2rHVTGSqm_wa3Rc1JUUkcbvA2vpeodo1oBcoip3cZEmHlZqmYgvHNk_8aGk5ae-q1aWR0LfZD1PYuleMAv8wMKAfi1wDf0tkQTuVK8s8owj0vWlocJpF7ZC0YkloxXqQQx9BfcxOmM1qEonXgHqWlgTGy92TUN6Wbumc16hx0-300x200.jpeg 300w, https:\/\/www.psises.it\/wp-content\/uploads\/2026\/04\/dYugcsBgjat-qoVYOtI4Qoz2rHVTGSqm_wa3Rc1JUUkcbvA2vpeodo1oBcoip3cZEmHlZqmYgvHNk_8aGk5ae-q1aWR0LfZD1PYuleMAv8wMKAfi1wDf0tkQTuVK8s8owj0vWlocJpF7ZC0YkloxXqQQx9BfcxOmM1qEonXgHqWlgTGy92TUN6Wbumc16hx0-400x267.jpeg 400w, https:\/\/www.psises.it\/wp-content\/uploads\/2026\/04\/dYugcsBgjat-qoVYOtI4Qoz2rHVTGSqm_wa3Rc1JUUkcbvA2vpeodo1oBcoip3cZEmHlZqmYgvHNk_8aGk5ae-q1aWR0LfZD1PYuleMAv8wMKAfi1wDf0tkQTuVK8s8owj0vWlocJpF7ZC0YkloxXqQQx9BfcxOmM1qEonXgHqWlgTGy92TUN6Wbumc16hx0-600x400.jpeg 600w, https:\/\/www.psises.it\/wp-content\/uploads\/2026\/04\/dYugcsBgjat-qoVYOtI4Qoz2rHVTGSqm_wa3Rc1JUUkcbvA2vpeodo1oBcoip3cZEmHlZqmYgvHNk_8aGk5ae-q1aWR0LfZD1PYuleMAv8wMKAfi1wDf0tkQTuVK8s8owj0vWlocJpF7ZC0YkloxXqQQx9BfcxOmM1qEonXgHqWlgTGy92TUN6Wbumc16hx0-768x512.jpeg 768w, https:\/\/www.psises.it\/wp-content\/uploads\/2026\/04\/dYugcsBgjat-qoVYOtI4Qoz2rHVTGSqm_wa3Rc1JUUkcbvA2vpeodo1oBcoip3cZEmHlZqmYgvHNk_8aGk5ae-q1aWR0LfZD1PYuleMAv8wMKAfi1wDf0tkQTuVK8s8owj0vWlocJpF7ZC0YkloxXqQQx9BfcxOmM1qEonXgHqWlgTGy92TUN6Wbumc16hx0-800x534.jpeg 800w, https:\/\/www.psises.it\/wp-content\/uploads\/2026\/04\/dYugcsBgjat-qoVYOtI4Qoz2rHVTGSqm_wa3Rc1JUUkcbvA2vpeodo1oBcoip3cZEmHlZqmYgvHNk_8aGk5ae-q1aWR0LfZD1PYuleMAv8wMKAfi1wDf0tkQTuVK8s8owj0vWlocJpF7ZC0YkloxXqQQx9BfcxOmM1qEonXgHqWlgTGy92TUN6Wbumc16hx0.jpeg 1000w\" sizes=\"auto, (max-width: 300px) 100vw, 300px\" \/><\/a>La violenza dei nostri tempi: cosa sta succedendo?<\/strong><\/span><\/h2>\n<p data-start=\"510\" data-end=\"798\">Negli ultimi mesi ci troviamo sempre pi\u00f9 spesso davanti a notizie che lasciano senza parole.<br data-start=\"602\" data-end=\"605\" \/><em><strong>Donne uccise da uomini che dicevano di amarle.<\/strong><\/em><br data-start=\"651\" data-end=\"654\" \/><strong><em>Ragazzi che girano con coltelli e li usano per motivi banali.<\/em><\/strong><br data-start=\"715\" data-end=\"718\" \/><strong><em>Aggressioni e omicidi per pochi euro, per uno sguardo, per una parola di troppo.<\/em><\/strong><\/p>\n<p data-start=\"800\" data-end=\"864\">Ci si abitua quasi.<br data-start=\"819\" data-end=\"822\" \/>E questa \u00e8 forse la cosa pi\u00f9 preoccupante.<\/p>\n<p data-start=\"866\" data-end=\"963\">Perch\u00e9 quando la violenza diventa \u201cnormale\u201d, smettiamo di chiederci cosa stia succedendo davvero.<\/p>\n<h3 data-section-id=\"fwlr6n\" data-start=\"970\" data-end=\"1035\"><span role=\"text\"><strong data-start=\"974\" data-end=\"1035\">Non \u00e8 solo criminalit\u00e0: \u00e8 un cambiamento del legame umano<\/strong><\/span><\/h3>\n<p data-start=\"1037\" data-end=\"1183\">Se guardiamo questi eventi solo come fatti isolati, rischiamo di non capire.<br data-start=\"1113\" data-end=\"1116\" \/>Ma se proviamo a metterli insieme, emerge qualcosa di pi\u00f9 profondo.<\/p>\n<p data-start=\"1185\" data-end=\"1298\">Non siamo solo di fronte a un aumento della violenza.<br data-start=\"1238\" data-end=\"1241\" \/>Siamo di fronte a una <strong data-start=\"1263\" data-end=\"1297\">fragilit\u00e0 crescente dei legami<\/strong>.<\/p>\n<p data-start=\"1300\" data-end=\"1416\">Molti di questi episodi hanno una caratteristica comune:<br data-start=\"1356\" data-end=\"1359\" \/><em>la difficolt\u00e0 a tollerare frustrazione, perdita, rifiuto.<\/em><\/p>\n<ul data-start=\"1418\" data-end=\"1614\">\n<li data-section-id=\"dbfc8d\" data-start=\"1418\" data-end=\"1481\">Non riesco ad accettare che l\u2019altro mi lasci \u2192 lo distruggo<\/li><\/ul>&hellip; <a href=\"https:\/\/www.psises.it\/?p=4264\" class=\"read-more\">continua... <\/a>","protected":false},"author":1,"featured_media":0,"parent":0,"menu_order":0,"comment_status":"closed","ping_status":"closed","template":"","meta":{"footnotes":""},"class_list":["post-3120","page","type-page","status-publish","hentry"],"_links":{"self":[{"href":"https:\/\/www.psises.it\/index.php?rest_route=\/wp\/v2\/pages\/3120","targetHints":{"allow":["GET"]}}],"collection":[{"href":"https:\/\/www.psises.it\/index.php?rest_route=\/wp\/v2\/pages"}],"about":[{"href":"https:\/\/www.psises.it\/index.php?rest_route=\/wp\/v2\/types\/page"}],"author":[{"embeddable":true,"href":"https:\/\/www.psises.it\/index.php?rest_route=\/wp\/v2\/users\/1"}],"replies":[{"embeddable":true,"href":"https:\/\/www.psises.it\/index.php?rest_route=%2Fwp%2Fv2%2Fcomments&post=3120"}],"version-history":[{"count":51,"href":"https:\/\/www.psises.it\/index.php?rest_route=\/wp\/v2\/pages\/3120\/revisions"}],"predecessor-version":[{"id":4123,"href":"https:\/\/www.psises.it\/index.php?rest_route=\/wp\/v2\/pages\/3120\/revisions\/4123"}],"wp:attachment":[{"href":"https:\/\/www.psises.it\/index.php?rest_route=%2Fwp%2Fv2%2Fmedia&parent=3120"}],"curies":[{"name":"wp","href":"https:\/\/api.w.org\/{rel}","templated":true}]}}